{"id":818,"date":"2017-06-05T22:37:00","date_gmt":"2017-06-05T20:37:00","guid":{"rendered":"http:\/\/www.wolpertingersfc.de\/?page_id=818"},"modified":"2018-07-02T22:14:40","modified_gmt":"2018-07-02T20:14:40","slug":"kajak-galerie","status":"publish","type":"page","link":"http:\/\/www.wolpertingersfc.de\/?page_id=818","title":{"rendered":"Kajak &#8211; Galerie"},"content":{"rendered":"<p>&nbsp;<\/p>\n<table width=\"100%\">\n<tbody>\n<tr>\n<td><img data-recalc-dims=\"1\" loading=\"lazy\" decoding=\"async\" data-attachment-id=\"1201\" data-permalink=\"http:\/\/www.wolpertingersfc.de\/?attachment_id=1201\" data-orig-file=\"https:\/\/i0.wp.com\/www.wolpertingersfc.de\/wp-content\/uploads\/2017\/07\/Thur43-e1499346183642.jpg?fit=1200%2C213\" data-orig-size=\"1200,213\" data-comments-opened=\"1\" data-image-meta=\"{&quot;aperture&quot;:&quot;3.9&quot;,&quot;credit&quot;:&quot;&quot;,&quot;camera&quot;:&quot;COOLPIX AW110&quot;,&quot;caption&quot;:&quot;&quot;,&quot;created_timestamp&quot;:&quot;1498324324&quot;,&quot;copyright&quot;:&quot;&quot;,&quot;focal_length&quot;:&quot;5&quot;,&quot;iso&quot;:&quot;125&quot;,&quot;shutter_speed&quot;:&quot;0.00125&quot;,&quot;title&quot;:&quot;&quot;,&quot;orientation&quot;:&quot;1&quot;}\" data-image-title=\"Thur43\" data-image-description=\"\" data-image-caption=\"\" data-medium-file=\"https:\/\/i0.wp.com\/www.wolpertingersfc.de\/wp-content\/uploads\/2017\/07\/Thur43-e1499346183642.jpg?fit=300%2C53\" data-large-file=\"https:\/\/i0.wp.com\/www.wolpertingersfc.de\/wp-content\/uploads\/2017\/07\/Thur43-e1499346183642.jpg?fit=863%2C153\" class=\"alignnone wp-image-1201\" src=\"https:\/\/i0.wp.com\/www.wolpertingersfc.de\/wp-content\/uploads\/2017\/07\/Thur43-e1499346183642-480x85.jpg?resize=863%2C154\" alt=\"\" width=\"863\" height=\"154\" srcset=\"https:\/\/i0.wp.com\/www.wolpertingersfc.de\/wp-content\/uploads\/2017\/07\/Thur43-e1499346183642.jpg?resize=480%2C85 480w, https:\/\/i0.wp.com\/www.wolpertingersfc.de\/wp-content\/uploads\/2017\/07\/Thur43-e1499346183642.jpg?resize=300%2C53 300w, https:\/\/i0.wp.com\/www.wolpertingersfc.de\/wp-content\/uploads\/2017\/07\/Thur43-e1499346183642.jpg?resize=768%2C136 768w, https:\/\/i0.wp.com\/www.wolpertingersfc.de\/wp-content\/uploads\/2017\/07\/Thur43-e1499346183642.jpg?resize=1024%2C182 1024w, https:\/\/i0.wp.com\/www.wolpertingersfc.de\/wp-content\/uploads\/2017\/07\/Thur43-e1499346183642.jpg?resize=863%2C153 863w, https:\/\/i0.wp.com\/www.wolpertingersfc.de\/wp-content\/uploads\/2017\/07\/Thur43-e1499346183642.jpg?w=1200 1200w\" sizes=\"auto, (max-width: 863px) 100vw, 863px\" \/><\/td>\n<\/tr>\n<\/tbody>\n<\/table>\n<p><a href=\"http:\/\/www.wolpertingersfc.de\/?page_id=812\">Aktivit\u00e4ten<\/a>\u00a0\u00a0\u00a0 <a href=\"http:\/\/www.wolpertingersfc.de\/?page_id=818\">Galerie<\/a>\u00a0\u00a0\u00a0\u00a0 <a href=\"http:\/\/www.wolpertingersfc.de\/?page_id=814\">Links<\/a><\/p>\n<p><img data-recalc-dims=\"1\" loading=\"lazy\" decoding=\"async\" data-attachment-id=\"635\" data-permalink=\"http:\/\/www.wolpertingersfc.de\/?attachment_id=635\" data-orig-file=\"https:\/\/i0.wp.com\/www.wolpertingersfc.de\/wp-content\/uploads\/2017\/04\/Kajak_Wolpertinger-e1495797524951.jpg?fit=100%2C72\" data-orig-size=\"100,72\" data-comments-opened=\"1\" data-image-meta=\"{&quot;aperture&quot;:&quot;0&quot;,&quot;credit&quot;:&quot;&quot;,&quot;camera&quot;:&quot;&quot;,&quot;caption&quot;:&quot;&quot;,&quot;created_timestamp&quot;:&quot;0&quot;,&quot;copyright&quot;:&quot;&quot;,&quot;focal_length&quot;:&quot;0&quot;,&quot;iso&quot;:&quot;0&quot;,&quot;shutter_speed&quot;:&quot;0&quot;,&quot;title&quot;:&quot;&quot;,&quot;orientation&quot;:&quot;1&quot;}\" data-image-title=\"Kajak_Wolpertinger\" data-image-description=\"\" data-image-caption=\"\" data-medium-file=\"https:\/\/i0.wp.com\/www.wolpertingersfc.de\/wp-content\/uploads\/2017\/04\/Kajak_Wolpertinger-e1495797524951.jpg?fit=300%2C215\" data-large-file=\"https:\/\/i0.wp.com\/www.wolpertingersfc.de\/wp-content\/uploads\/2017\/04\/Kajak_Wolpertinger-e1495797524951.jpg?fit=100%2C72\" class=\"alignnone size-colinear-logo wp-image-635\" src=\"https:\/\/i0.wp.com\/www.wolpertingersfc.de\/wp-content\/uploads\/2017\/04\/Kajak_Wolpertinger.jpg?resize=151%2C108\" alt=\"\" width=\"151\" height=\"108\" \/><\/p>\n<table width=\"100%\">\n<tbody>\n<tr>\n<td width=\"33%\"><a href=\"http:\/\/www.wolpertingersfc.de\/?page_id=864\" target=\"_blank\" rel=\"noopener noreferrer\"><img data-recalc-dims=\"1\" loading=\"lazy\" decoding=\"async\" data-attachment-id=\"843\" data-permalink=\"http:\/\/www.wolpertingersfc.de\/?attachment_id=843\" data-orig-file=\"https:\/\/i0.wp.com\/www.wolpertingersfc.de\/wp-content\/uploads\/2017\/06\/IMG_0808.jpg?fit=666%2C500\" data-orig-size=\"666,500\" data-comments-opened=\"1\" data-image-meta=\"{&quot;aperture&quot;:&quot;2.4&quot;,&quot;credit&quot;:&quot;&quot;,&quot;camera&quot;:&quot;iPhone 4S&quot;,&quot;caption&quot;:&quot;&quot;,&quot;created_timestamp&quot;:&quot;1342872196&quot;,&quot;copyright&quot;:&quot;&quot;,&quot;focal_length&quot;:&quot;4.28&quot;,&quot;iso&quot;:&quot;64&quot;,&quot;shutter_speed&quot;:&quot;0.00030797659377887&quot;,&quot;title&quot;:&quot;&quot;,&quot;orientation&quot;:&quot;1&quot;}\" data-image-title=\"IMG_0808\" data-image-description=\"\" data-image-caption=\"\" data-medium-file=\"https:\/\/i0.wp.com\/www.wolpertingersfc.de\/wp-content\/uploads\/2017\/06\/IMG_0808.jpg?fit=300%2C225\" data-large-file=\"https:\/\/i0.wp.com\/www.wolpertingersfc.de\/wp-content\/uploads\/2017\/06\/IMG_0808.jpg?fit=666%2C500\" class=\"alignnone wp-image-843 size-full\" src=\"https:\/\/i0.wp.com\/www.wolpertingersfc.de\/wp-content\/uploads\/2017\/06\/IMG_0808.jpg?resize=666%2C500\" alt=\"\" width=\"666\" height=\"500\" srcset=\"https:\/\/i0.wp.com\/www.wolpertingersfc.de\/wp-content\/uploads\/2017\/06\/IMG_0808.jpg?w=666 666w, https:\/\/i0.wp.com\/www.wolpertingersfc.de\/wp-content\/uploads\/2017\/06\/IMG_0808.jpg?resize=300%2C225 300w, https:\/\/i0.wp.com\/www.wolpertingersfc.de\/wp-content\/uploads\/2017\/06\/IMG_0808.jpg?resize=144%2C108 144w\" sizes=\"auto, (max-width: 666px) 100vw, 666px\" \/>Bodensee 2012<\/a><\/td>\n<td width=\"33%\"><a href=\"http:\/\/www.wolpertingersfc.de\/?page_id=1205\" target=\"_blank\" rel=\"noopener noreferrer\"><img data-recalc-dims=\"1\" loading=\"lazy\" decoding=\"async\" data-attachment-id=\"1187\" data-permalink=\"http:\/\/www.wolpertingersfc.de\/?attachment_id=1187\" data-orig-file=\"https:\/\/i0.wp.com\/www.wolpertingersfc.de\/wp-content\/uploads\/2017\/07\/Thur29.jpg?fit=1200%2C900\" data-orig-size=\"1200,900\" data-comments-opened=\"1\" data-image-meta=\"{&quot;aperture&quot;:&quot;4.8&quot;,&quot;credit&quot;:&quot;&quot;,&quot;camera&quot;:&quot;COOLPIX AW110&quot;,&quot;caption&quot;:&quot;&quot;,&quot;created_timestamp&quot;:&quot;1498311501&quot;,&quot;copyright&quot;:&quot;&quot;,&quot;focal_length&quot;:&quot;25&quot;,&quot;iso&quot;:&quot;125&quot;,&quot;shutter_speed&quot;:&quot;0.0008&quot;,&quot;title&quot;:&quot;&quot;,&quot;orientation&quot;:&quot;1&quot;}\" data-image-title=\"Thur29\" data-image-description=\"\" data-image-caption=\"\" data-medium-file=\"https:\/\/i0.wp.com\/www.wolpertingersfc.de\/wp-content\/uploads\/2017\/07\/Thur29.jpg?fit=300%2C225\" data-large-file=\"https:\/\/i0.wp.com\/www.wolpertingersfc.de\/wp-content\/uploads\/2017\/07\/Thur29.jpg?fit=863%2C647\" class=\"alignnone wp-image-1187\" src=\"https:\/\/i0.wp.com\/www.wolpertingersfc.de\/wp-content\/uploads\/2017\/07\/Thur29.jpg?resize=666%2C500\" alt=\"\" width=\"666\" height=\"500\" srcset=\"https:\/\/i0.wp.com\/www.wolpertingersfc.de\/wp-content\/uploads\/2017\/07\/Thur29.jpg?resize=144%2C108 144w, https:\/\/i0.wp.com\/www.wolpertingersfc.de\/wp-content\/uploads\/2017\/07\/Thur29.jpg?resize=300%2C225 300w, https:\/\/i0.wp.com\/www.wolpertingersfc.de\/wp-content\/uploads\/2017\/07\/Thur29.jpg?resize=768%2C576 768w, https:\/\/i0.wp.com\/www.wolpertingersfc.de\/wp-content\/uploads\/2017\/07\/Thur29.jpg?resize=1024%2C768 1024w, https:\/\/i0.wp.com\/www.wolpertingersfc.de\/wp-content\/uploads\/2017\/07\/Thur29.jpg?resize=863%2C647 863w, https:\/\/i0.wp.com\/www.wolpertingersfc.de\/wp-content\/uploads\/2017\/07\/Thur29.jpg?w=1200 1200w\" sizes=\"auto, (max-width: 666px) 100vw, 666px\" \/><\/a><a href=\"http:\/\/www.wolpertingersfc.de\/?page_id=1205\" target=\"_blank\" rel=\"noopener noreferrer\">Auf der Thur \/ CH 2017<\/a><\/td>\n<td width=\"33%\"><\/td>\n<\/tr>\n<tr>\n<td width=\"33%\"><a href=\"http:\/\/www.wolpertingersfc.de\/?page_id=2531\" target=\"_blank\" rel=\"noopener\"><img data-recalc-dims=\"1\" loading=\"lazy\" decoding=\"async\" data-attachment-id=\"2520\" data-permalink=\"http:\/\/www.wolpertingersfc.de\/?attachment_id=2520\" data-orig-file=\"https:\/\/i0.wp.com\/www.wolpertingersfc.de\/wp-content\/uploads\/2018\/07\/Rheinfahrt12-1200x900.jpg?fit=1200%2C900\" data-orig-size=\"1200,900\" data-comments-opened=\"1\" data-image-meta=\"{&quot;aperture&quot;:&quot;3.9&quot;,&quot;credit&quot;:&quot;&quot;,&quot;camera&quot;:&quot;COOLPIX AW110&quot;,&quot;caption&quot;:&quot;&quot;,&quot;created_timestamp&quot;:&quot;1529763825&quot;,&quot;copyright&quot;:&quot;&quot;,&quot;focal_length&quot;:&quot;5&quot;,&quot;iso&quot;:&quot;125&quot;,&quot;shutter_speed&quot;:&quot;0.001&quot;,&quot;title&quot;:&quot;&quot;,&quot;orientation&quot;:&quot;1&quot;}\" data-image-title=\"Rheinfahrt12 (1200&amp;#215;900)\" data-image-description=\"\" data-image-caption=\"\" data-medium-file=\"https:\/\/i0.wp.com\/www.wolpertingersfc.de\/wp-content\/uploads\/2018\/07\/Rheinfahrt12-1200x900.jpg?fit=300%2C225\" data-large-file=\"https:\/\/i0.wp.com\/www.wolpertingersfc.de\/wp-content\/uploads\/2018\/07\/Rheinfahrt12-1200x900.jpg?fit=863%2C647\" class=\"alignnone wp-image-2520\" src=\"https:\/\/i0.wp.com\/www.wolpertingersfc.de\/wp-content\/uploads\/2018\/07\/Rheinfahrt12-1200x900.jpg?resize=666%2C500\" alt=\"\" width=\"666\" height=\"500\" srcset=\"https:\/\/i0.wp.com\/www.wolpertingersfc.de\/wp-content\/uploads\/2018\/07\/Rheinfahrt12-1200x900.jpg?resize=1200%2C900 1200w, https:\/\/i0.wp.com\/www.wolpertingersfc.de\/wp-content\/uploads\/2018\/07\/Rheinfahrt12-1200x900.jpg?resize=300%2C225 300w, https:\/\/i0.wp.com\/www.wolpertingersfc.de\/wp-content\/uploads\/2018\/07\/Rheinfahrt12-1200x900.jpg?resize=768%2C576 768w, https:\/\/i0.wp.com\/www.wolpertingersfc.de\/wp-content\/uploads\/2018\/07\/Rheinfahrt12-1200x900.jpg?resize=1024%2C768 1024w, https:\/\/i0.wp.com\/www.wolpertingersfc.de\/wp-content\/uploads\/2018\/07\/Rheinfahrt12-1200x900.jpg?resize=863%2C647 863w, https:\/\/i0.wp.com\/www.wolpertingersfc.de\/wp-content\/uploads\/2018\/07\/Rheinfahrt12-1200x900.jpg?resize=144%2C108 144w\" sizes=\"auto, (max-width: 666px) 100vw, 666px\" \/><\/a><\/td>\n<td width=\"33%\"><\/td>\n<td width=\"33%\"><\/td>\n<\/tr>\n<tr>\n<td width=\"33%\"><a href=\"http:\/\/www.wolpertingersfc.de\/?page_id=2531\" target=\"_blank\" rel=\"noopener\">\u00a0\u00a0Paddelwochenende Bodensee\/Rhein 2018<\/a><\/td>\n<td width=\"33%\"><\/td>\n<td width=\"33%\"><\/td>\n<\/tr>\n<\/tbody>\n<\/table>\n","protected":false},"excerpt":{"rendered":"<p>&nbsp; Aktivit\u00e4ten\u00a0\u00a0\u00a0 Galerie\u00a0\u00a0\u00a0\u00a0 Links Bodensee 2012 Auf der Thur \/ CH 2017 \u00a0\u00a0Paddelwochenende Bodensee\/Rhein 2018<\/p>\n","protected":false},"author":1,"featured_media":0,"parent":77,"menu_order":0,"comment_status":"closed","ping_status":"closed","template":"","meta":{"jetpack_post_was_ever_published":false,"_mc_calendar":[],"footnotes":""},"class_list":["post-818","page","type-page","status-publish","hentry"],"jetpack_sharing_enabled":true,"jetpack_shortlink":"https:\/\/wp.me\/P8FTYK-dc","jetpack-related-posts":[{"id":864,"url":"http:\/\/www.wolpertingersfc.de\/?page_id=864","url_meta":{"origin":818,"position":0},"title":"Kajak &#8211; Galerie &#8211; Bodensee 2012","author":"Wolpertingersfc","date":"5. Juni 2017","format":false,"excerpt":"","rel":"","context":"\u00c4hnlicher Beitrag","block_context":{"text":"\u00c4hnlicher Beitrag","link":""},"img":{"alt_text":"","src":"https:\/\/i0.wp.com\/www.wolpertingersfc.de\/wp-content\/uploads\/2017\/06\/IMG_5703.jpg?resize=350%2C200","width":350,"height":200,"srcset":"https:\/\/i0.wp.com\/www.wolpertingersfc.de\/wp-content\/uploads\/2017\/06\/IMG_5703.jpg?resize=350%2C200 1x, https:\/\/i0.wp.com\/www.wolpertingersfc.de\/wp-content\/uploads\/2017\/06\/IMG_5703.jpg?resize=525%2C300 1.5x"},"classes":[]},{"id":812,"url":"http:\/\/www.wolpertingersfc.de\/?page_id=812","url_meta":{"origin":818,"position":1},"title":"Kajak &#8211; Aktivit\u00e4ten","author":"Wolpertingersfc","date":"5. Juni 2017","format":false,"excerpt":"Aktivit\u00e4ten\u00a0\u00a0\u00a0 Galerie\u00a0\u00a0\u00a0\u00a0 Links Einmal j\u00e4hrlich findet eine Ausfahrt an den Bodensee statt. Flusswandern oder das Befahren des Sees finden dabei immer gro\u00dfen Anklang. Spontane Ausfahrten auf ruhigen Fl\u00fcssen oder im Wildwasser sind mit vereinseigenen Booten m\u00f6glich.","rel":"","context":"\u00c4hnlicher Beitrag","block_context":{"text":"\u00c4hnlicher Beitrag","link":""},"img":{"alt_text":"","src":"https:\/\/i0.wp.com\/www.wolpertingersfc.de\/wp-content\/uploads\/2017\/07\/Thur43-e1499346183642-480x85.jpg?resize=350%2C200","width":350,"height":200,"srcset":"https:\/\/i0.wp.com\/www.wolpertingersfc.de\/wp-content\/uploads\/2017\/07\/Thur43-e1499346183642-480x85.jpg?resize=350%2C200 1x, https:\/\/i0.wp.com\/www.wolpertingersfc.de\/wp-content\/uploads\/2017\/07\/Thur43-e1499346183642-480x85.jpg?resize=525%2C300 1.5x, https:\/\/i0.wp.com\/www.wolpertingersfc.de\/wp-content\/uploads\/2017\/07\/Thur43-e1499346183642-480x85.jpg?resize=700%2C400 2x, https:\/\/i0.wp.com\/www.wolpertingersfc.de\/wp-content\/uploads\/2017\/07\/Thur43-e1499346183642-480x85.jpg?resize=1050%2C600 3x"},"classes":[]},{"id":77,"url":"http:\/\/www.wolpertingersfc.de\/?page_id=77","url_meta":{"origin":818,"position":2},"title":"Kajak","author":"Wolpertingersfc","date":"22. April 2017","format":false,"excerpt":"Aktivit\u00e4ten\u00a0\u00a0\u00a0 Galerie \u00a0\u00a0 Links Ansprechpartner: Gerold Bross Abteilungsleiter Trainer C Kanu-Freizeitsport E-Mail: gerold.bross(at)wolpertingersfc.de \u00a0 Unsere Kajakabteilung bietet vielf\u00e4ltige Naturerlebnisse beim Flusswandern, bei Wildwasserausfahrten oder auf dem Bodensee.","rel":"","context":"\u00c4hnlicher Beitrag","block_context":{"text":"\u00c4hnlicher Beitrag","link":""},"img":{"alt_text":"","src":"https:\/\/i0.wp.com\/www.wolpertingersfc.de\/wp-content\/uploads\/2017\/07\/Thur43-e1499346183642-480x85.jpg?resize=350%2C200","width":350,"height":200,"srcset":"https:\/\/i0.wp.com\/www.wolpertingersfc.de\/wp-content\/uploads\/2017\/07\/Thur43-e1499346183642-480x85.jpg?resize=350%2C200 1x, https:\/\/i0.wp.com\/www.wolpertingersfc.de\/wp-content\/uploads\/2017\/07\/Thur43-e1499346183642-480x85.jpg?resize=525%2C300 1.5x, https:\/\/i0.wp.com\/www.wolpertingersfc.de\/wp-content\/uploads\/2017\/07\/Thur43-e1499346183642-480x85.jpg?resize=700%2C400 2x, https:\/\/i0.wp.com\/www.wolpertingersfc.de\/wp-content\/uploads\/2017\/07\/Thur43-e1499346183642-480x85.jpg?resize=1050%2C600 3x"},"classes":[]},{"id":2531,"url":"http:\/\/www.wolpertingersfc.de\/?page_id=2531","url_meta":{"origin":818,"position":3},"title":"Kajak &#8211; Galerie &#8211; Bodensee-Rheinausfahrt 2018","author":"Wolpertingersfc","date":"2. Juli 2018","format":false,"excerpt":"","rel":"","context":"\u00c4hnlicher Beitrag","block_context":{"text":"\u00c4hnlicher Beitrag","link":""},"img":{"alt_text":"","src":"https:\/\/i0.wp.com\/www.wolpertingersfc.de\/wp-content\/uploads\/2018\/07\/2018-06-24-Paddelausfahrt-Bodensee-013-1200x900.jpg?resize=350%2C200","width":350,"height":200,"srcset":"https:\/\/i0.wp.com\/www.wolpertingersfc.de\/wp-content\/uploads\/2018\/07\/2018-06-24-Paddelausfahrt-Bodensee-013-1200x900.jpg?resize=350%2C200 1x, https:\/\/i0.wp.com\/www.wolpertingersfc.de\/wp-content\/uploads\/2018\/07\/2018-06-24-Paddelausfahrt-Bodensee-013-1200x900.jpg?resize=525%2C300 1.5x, https:\/\/i0.wp.com\/www.wolpertingersfc.de\/wp-content\/uploads\/2018\/07\/2018-06-24-Paddelausfahrt-Bodensee-013-1200x900.jpg?resize=700%2C400 2x, https:\/\/i0.wp.com\/www.wolpertingersfc.de\/wp-content\/uploads\/2018\/07\/2018-06-24-Paddelausfahrt-Bodensee-013-1200x900.jpg?resize=1050%2C600 3x"},"classes":[]},{"id":814,"url":"http:\/\/www.wolpertingersfc.de\/?page_id=814","url_meta":{"origin":818,"position":4},"title":"Kajak &#8211; Links","author":"Wolpertingersfc","date":"5. Juni 2017","format":false,"excerpt":"Aktivit\u00e4ten\u00a0\u00a0\u00a0 Galerie\u00a0\u00a0\u00a0\u00a0 Links Wasserpegel: Deutschland Baden-W\u00fcrttemberg Bayern Vorarlberg (\u00d6sterreich) Schweiz DKV-Kanu Forum Canadierseite. Kanutriathlon Paddel-Club-\u00dcberlingen e.V. Kanuverband Deutschland Kanuverband W\u00fcrttemberg Landesruderverband Baden-W\u00fcrttemberg Kanubiken kanuauktion.com ist eine kanuspezifische Internetauktion. Plattform f\u00fcr den Kauf und Verkauf von Kanuartikeln. go-boating.de - Initiative der Wassersport-Industrie","rel":"","context":"\u00c4hnlicher Beitrag","block_context":{"text":"\u00c4hnlicher Beitrag","link":""},"img":{"alt_text":"","src":"https:\/\/i0.wp.com\/www.wolpertingersfc.de\/wp-content\/uploads\/2017\/07\/Thur43-e1499346183642-480x85.jpg?resize=350%2C200","width":350,"height":200,"srcset":"https:\/\/i0.wp.com\/www.wolpertingersfc.de\/wp-content\/uploads\/2017\/07\/Thur43-e1499346183642-480x85.jpg?resize=350%2C200 1x, https:\/\/i0.wp.com\/www.wolpertingersfc.de\/wp-content\/uploads\/2017\/07\/Thur43-e1499346183642-480x85.jpg?resize=525%2C300 1.5x, https:\/\/i0.wp.com\/www.wolpertingersfc.de\/wp-content\/uploads\/2017\/07\/Thur43-e1499346183642-480x85.jpg?resize=700%2C400 2x, https:\/\/i0.wp.com\/www.wolpertingersfc.de\/wp-content\/uploads\/2017\/07\/Thur43-e1499346183642-480x85.jpg?resize=1050%2C600 3x"},"classes":[]},{"id":1205,"url":"http:\/\/www.wolpertingersfc.de\/?page_id=1205","url_meta":{"origin":818,"position":5},"title":"Kajak &#8211; Galerie &#8211; Auf der Thur \/ CH 2017","author":"Wolpertingersfc","date":"6. Juli 2017","format":false,"excerpt":"","rel":"","context":"\u00c4hnlicher Beitrag","block_context":{"text":"\u00c4hnlicher Beitrag","link":""},"img":{"alt_text":"","src":"https:\/\/i0.wp.com\/www.wolpertingersfc.de\/wp-content\/uploads\/2017\/07\/Thur01.jpg?resize=350%2C200","width":350,"height":200,"srcset":"https:\/\/i0.wp.com\/www.wolpertingersfc.de\/wp-content\/uploads\/2017\/07\/Thur01.jpg?resize=350%2C200 1x, https:\/\/i0.wp.com\/www.wolpertingersfc.de\/wp-content\/uploads\/2017\/07\/Thur01.jpg?resize=525%2C300 1.5x, https:\/\/i0.wp.com\/www.wolpertingersfc.de\/wp-content\/uploads\/2017\/07\/Thur01.jpg?resize=700%2C400 2x, https:\/\/i0.wp.com\/www.wolpertingersfc.de\/wp-content\/uploads\/2017\/07\/Thur01.jpg?resize=1050%2C600 3x"},"classes":[]}],"_links":{"self":[{"href":"http:\/\/www.wolpertingersfc.de\/index.php?rest_route=\/wp\/v2\/pages\/818","targetHints":{"allow":["GET"]}}],"collection":[{"href":"http:\/\/www.wolpertingersfc.de\/index.php?rest_route=\/wp\/v2\/pages"}],"about":[{"href":"http:\/\/www.wolpertingersfc.de\/index.php?rest_route=\/wp\/v2\/types\/page"}],"author":[{"embeddable":true,"href":"http:\/\/www.wolpertingersfc.de\/index.php?rest_route=\/wp\/v2\/users\/1"}],"replies":[{"embeddable":true,"href":"http:\/\/www.wolpertingersfc.de\/index.php?rest_route=%2Fwp%2Fv2%2Fcomments&post=818"}],"version-history":[{"count":17,"href":"http:\/\/www.wolpertingersfc.de\/index.php?rest_route=\/wp\/v2\/pages\/818\/revisions"}],"predecessor-version":[{"id":2537,"href":"http:\/\/www.wolpertingersfc.de\/index.php?rest_route=\/wp\/v2\/pages\/818\/revisions\/2537"}],"up":[{"embeddable":true,"href":"http:\/\/www.wolpertingersfc.de\/index.php?rest_route=\/wp\/v2\/pages\/77"}],"wp:attachment":[{"href":"http:\/\/www.wolpertingersfc.de\/index.php?rest_route=%2Fwp%2Fv2%2Fmedia&parent=818"}],"curies":[{"name":"wp","href":"https:\/\/api.w.org\/{rel}","templated":true}]}}