{"id":522,"date":"2017-05-20T22:11:07","date_gmt":"2017-05-20T20:11:07","guid":{"rendered":"http:\/\/www.wolpertingersfc.de\/?page_id=522"},"modified":"2022-05-16T09:16:31","modified_gmt":"2022-05-16T07:16:31","slug":"vorstand-und-team","status":"publish","type":"page","link":"http:\/\/www.wolpertingersfc.de\/?page_id=522","title":{"rendered":"Vorstand und Team"},"content":{"rendered":"<p><a href=\"http:\/\/www.wolpertingersfc.de\/?page_id=557\">Aktivit\u00e4ten<\/a> \u00a0\u00a0 <a href=\"http:\/\/www.wolpertingersfc.de\/?page_id=522\">Vorstand und Team<\/a>\u00a0\u00a0\u00a0 <a href=\"http:\/\/www.wolpertingersfc.de\/?page_id=489\">Mitglied werden<\/a>\u00a0\u00a0\u00a0 <a href=\"http:\/\/www.wolpertingersfc.de\/?page_id=559\">Vereinsinventar<\/a><\/p>\n<table>\n<colgroup>\n<col \/>\n<col width=\"50%\" \/>\n<col width=\"120\" \/> <\/colgroup>\n<tbody>\n<tr>\n<td><\/td>\n<td><\/td>\n<td><\/td>\n<\/tr>\n<tr align=\"left\" valign=\"top\">\n<td style=\"padding: 0% 10% 0px 0%;\">Vorstand und Organisationsteam sorgen zusammen mit dem Team f\u00fcr die Organisation des Vereins und den reibungslosen Ablauf der vielf\u00e4ltigen Aktivit\u00e4ten.<\/td>\n<td valign=\"top\"><strong>Vorstand:<\/strong><\/p>\n<p>Klaus-Dieter Modrow<br \/>\n1. Vorstand<br \/>\nUndinger Stra\u00dfe 20<br \/>\n72820 Sonnenb\u00fchl-Genkingen<br \/>\nTel. 0 71 28 \/ 28 80<br \/>\nE-Mail:<br \/>\n<a href=\"mailto:klaus-dieter.modrow@wolpertingersfc.de\"> klaus-dieter.modrow(at)wolpertingersfc.de<\/a><\/td>\n<td valign=\"middle\"><img data-recalc-dims=\"1\" loading=\"lazy\" decoding=\"async\" data-attachment-id=\"2317\" data-permalink=\"http:\/\/www.wolpertingersfc.de\/?attachment_id=2317\" data-orig-file=\"https:\/\/i0.wp.com\/www.wolpertingersfc.de\/wp-content\/uploads\/2018\/03\/20180304_125250-e1521581377826.jpg?fit=1277%2C1311\" data-orig-size=\"1277,1311\" data-comments-opened=\"1\" data-image-meta=\"{&quot;aperture&quot;:&quot;1.7&quot;,&quot;credit&quot;:&quot;&quot;,&quot;camera&quot;:&quot;SM-G930F&quot;,&quot;caption&quot;:&quot;&quot;,&quot;created_timestamp&quot;:&quot;1520167970&quot;,&quot;copyright&quot;:&quot;&quot;,&quot;focal_length&quot;:&quot;4.2&quot;,&quot;iso&quot;:&quot;40&quot;,&quot;shutter_speed&quot;:&quot;0.00011322463768116&quot;,&quot;title&quot;:&quot;&quot;,&quot;orientation&quot;:&quot;6&quot;}\" data-image-title=\"Dieter\" data-image-description=\"\" data-image-caption=\"\" data-medium-file=\"https:\/\/i0.wp.com\/www.wolpertingersfc.de\/wp-content\/uploads\/2018\/03\/20180304_125250-e1521581377826.jpg?fit=292%2C300\" data-large-file=\"https:\/\/i0.wp.com\/www.wolpertingersfc.de\/wp-content\/uploads\/2018\/03\/20180304_125250-e1521581377826.jpg?fit=863%2C886\" class=\"alignnone wp-image-2317\" src=\"https:\/\/i0.wp.com\/www.wolpertingersfc.de\/wp-content\/uploads\/2018\/03\/20180304_125250-e1521581377826.jpg?resize=101%2C104\" alt=\"\" width=\"101\" height=\"104\" srcset=\"https:\/\/i0.wp.com\/www.wolpertingersfc.de\/wp-content\/uploads\/2018\/03\/20180304_125250-e1521581377826.jpg?w=1277 1277w, https:\/\/i0.wp.com\/www.wolpertingersfc.de\/wp-content\/uploads\/2018\/03\/20180304_125250-e1521581377826.jpg?resize=292%2C300 292w, https:\/\/i0.wp.com\/www.wolpertingersfc.de\/wp-content\/uploads\/2018\/03\/20180304_125250-e1521581377826.jpg?resize=768%2C788 768w, https:\/\/i0.wp.com\/www.wolpertingersfc.de\/wp-content\/uploads\/2018\/03\/20180304_125250-e1521581377826.jpg?resize=997%2C1024 997w, https:\/\/i0.wp.com\/www.wolpertingersfc.de\/wp-content\/uploads\/2018\/03\/20180304_125250-e1521581377826.jpg?resize=863%2C886 863w, https:\/\/i0.wp.com\/www.wolpertingersfc.de\/wp-content\/uploads\/2018\/03\/20180304_125250-e1521581377826.jpg?resize=105%2C108 105w\" sizes=\"auto, (max-width: 101px) 100vw, 101px\" \/><\/td>\n<\/tr>\n<tr align=\"left\" valign=\"top\">\n<td style=\"padding: 0% 10% 0px 0%;\">Die Kontakte der Abteilungsleiter befinden sich auf den Seiten der jeweiligen Abteilung.<\/td>\n<td>Siegfried Randecker<br \/>\n2. Vorstand<br \/>\nGruobachstra\u00dfe 23<br \/>\n72770 Reutlingen-G\u00f6nningen<br \/>\nTel. 0 70 72 \/ 87 26<br \/>\nE-Mail:<br \/>\n<a href=\"mailto:siegfried.randecker@wolpertingersfc.de\"> siegfried.randecker(at)wolpertingersfc.de<\/a><\/td>\n<td valign=\"top\"><img data-recalc-dims=\"1\" loading=\"lazy\" decoding=\"async\" data-attachment-id=\"2312\" data-permalink=\"http:\/\/www.wolpertingersfc.de\/?attachment_id=2312\" data-orig-file=\"https:\/\/i0.wp.com\/www.wolpertingersfc.de\/wp-content\/uploads\/2018\/03\/Sigi_Randecker-101x135.jpg?fit=101%2C135\" data-orig-size=\"101,135\" data-comments-opened=\"1\" data-image-meta=\"{&quot;aperture&quot;:&quot;1.7&quot;,&quot;credit&quot;:&quot;&quot;,&quot;camera&quot;:&quot;SM-G930F&quot;,&quot;caption&quot;:&quot;&quot;,&quot;created_timestamp&quot;:&quot;1520168055&quot;,&quot;copyright&quot;:&quot;&quot;,&quot;focal_length&quot;:&quot;4.2&quot;,&quot;iso&quot;:&quot;40&quot;,&quot;shutter_speed&quot;:&quot;0.00025252525252525&quot;,&quot;title&quot;:&quot;&quot;,&quot;orientation&quot;:&quot;1&quot;}\" data-image-title=\"Sigi_Randecker (101&amp;#215;135)\" data-image-description=\"\" data-image-caption=\"\" data-medium-file=\"https:\/\/i0.wp.com\/www.wolpertingersfc.de\/wp-content\/uploads\/2018\/03\/Sigi_Randecker-101x135.jpg?fit=101%2C135\" data-large-file=\"https:\/\/i0.wp.com\/www.wolpertingersfc.de\/wp-content\/uploads\/2018\/03\/Sigi_Randecker-101x135.jpg?fit=101%2C135\" class=\"alignnone size-full wp-image-2312\" src=\"https:\/\/i0.wp.com\/www.wolpertingersfc.de\/wp-content\/uploads\/2018\/03\/Sigi_Randecker-101x135.jpg?resize=101%2C135\" alt=\"\" width=\"101\" height=\"135\" srcset=\"https:\/\/i0.wp.com\/www.wolpertingersfc.de\/wp-content\/uploads\/2018\/03\/Sigi_Randecker-101x135.jpg?resize=101%2C135 101w, https:\/\/i0.wp.com\/www.wolpertingersfc.de\/wp-content\/uploads\/2018\/03\/Sigi_Randecker-101x135.jpg?resize=81%2C108 81w\" sizes=\"auto, (max-width: 101px) 100vw, 101px\" \/><\/td>\n<\/tr>\n<tr align=\"left\" valign=\"top\">\n<td><\/td>\n<td><strong><br \/>\nweitere Ausschussmitglieder:<\/strong><\/td>\n<td valign=\"top\"><\/td>\n<\/tr>\n<tr align=\"left\" valign=\"top\">\n<td><\/td>\n<td>Karin Haap<br \/>\nKassiererin und Mitgliederverwaltung<br \/>\nTel. 0 74 73 \/ 63 33<br \/>\nE-Mail:<br \/>\n<a href=\"mailto:karin.haap@wolpertingersfc.de\"> karin.haap(at)wolpertingersfc.de<\/a><\/td>\n<td valign=\"top\"><\/td>\n<\/tr>\n<tr align=\"left\" valign=\"top\">\n<td><\/td>\n<td>Martin Hornberger<br \/>\nWebsite<br \/>\nE-Mail:<br \/>\n<a href=\"mailto:martin.hornberger@wolpertingersfc.de\"> martin.hornberger(at)wolpertingersfc.de<\/a><\/td>\n<td valign=\"top\">\u00a0<img data-recalc-dims=\"1\" loading=\"lazy\" decoding=\"async\" data-attachment-id=\"617\" data-permalink=\"http:\/\/www.wolpertingersfc.de\/?attachment_id=617\" data-orig-file=\"https:\/\/i0.wp.com\/www.wolpertingersfc.de\/wp-content\/uploads\/2017\/05\/Martin_Hornberger_1-e1495793935874.jpg?fit=100%2C130\" data-orig-size=\"100,130\" data-comments-opened=\"1\" data-image-meta=\"{&quot;aperture&quot;:&quot;5.5&quot;,&quot;credit&quot;:&quot;&quot;,&quot;camera&quot;:&quot;Canon PowerShot A550&quot;,&quot;caption&quot;:&quot;&quot;,&quot;created_timestamp&quot;:&quot;1464005332&quot;,&quot;copyright&quot;:&quot;&quot;,&quot;focal_length&quot;:&quot;23.2&quot;,&quot;iso&quot;:&quot;80&quot;,&quot;shutter_speed&quot;:&quot;0.002&quot;,&quot;title&quot;:&quot;&quot;,&quot;orientation&quot;:&quot;1&quot;}\" data-image-title=\"Martin_Hornberger_1\" data-image-description=\"\" data-image-caption=\"\" data-medium-file=\"https:\/\/i0.wp.com\/www.wolpertingersfc.de\/wp-content\/uploads\/2017\/05\/Martin_Hornberger_1-e1495793935874.jpg?fit=231%2C300\" data-large-file=\"https:\/\/i0.wp.com\/www.wolpertingersfc.de\/wp-content\/uploads\/2017\/05\/Martin_Hornberger_1-e1495793935874.jpg?fit=100%2C130\" class=\"alignnone wp-image-617 size-full\" src=\"https:\/\/i0.wp.com\/www.wolpertingersfc.de\/wp-content\/uploads\/2017\/05\/Martin_Hornberger_1-e1495793935874.jpg?resize=100%2C130\" alt=\"\" width=\"100\" height=\"130\" \/><\/td>\n<\/tr>\n<tr align=\"left\" valign=\"center\">\n<td><\/td>\n<td>Siegfried Stehlig<br \/>\nWolpertinger Nachrichten<br \/>\nE-Mail:<br \/>\n<a href=\"mailto:siegfried.stehlig@wolpertingersfc.de\"> siegfried.stehlig(at)wolpertingersfc.de<\/a><\/td>\n<td valign=\"center\">\u00a0<img data-recalc-dims=\"1\" loading=\"lazy\" decoding=\"async\" data-attachment-id=\"1761\" data-permalink=\"http:\/\/www.wolpertingersfc.de\/?attachment_id=1761\" data-orig-file=\"https:\/\/i0.wp.com\/www.wolpertingersfc.de\/wp-content\/uploads\/2017\/04\/Stehlig-109x138-e1509103154276.jpg?fit=101%2C138\" data-orig-size=\"101,138\" data-comments-opened=\"1\" data-image-meta=\"{&quot;aperture&quot;:&quot;0&quot;,&quot;credit&quot;:&quot;&quot;,&quot;camera&quot;:&quot;&quot;,&quot;caption&quot;:&quot;&quot;,&quot;created_timestamp&quot;:&quot;1509109593&quot;,&quot;copyright&quot;:&quot;&quot;,&quot;focal_length&quot;:&quot;0&quot;,&quot;iso&quot;:&quot;0&quot;,&quot;shutter_speed&quot;:&quot;0&quot;,&quot;title&quot;:&quot;&quot;,&quot;orientation&quot;:&quot;1&quot;}\" data-image-title=\"Stehlig (109&amp;#215;138)\" data-image-description=\"\" data-image-caption=\"\" data-medium-file=\"https:\/\/i0.wp.com\/www.wolpertingersfc.de\/wp-content\/uploads\/2017\/04\/Stehlig-109x138-e1509103154276.jpg?fit=101%2C138\" data-large-file=\"https:\/\/i0.wp.com\/www.wolpertingersfc.de\/wp-content\/uploads\/2017\/04\/Stehlig-109x138-e1509103154276.jpg?fit=101%2C138\" class=\"alignnone size-full wp-image-1761\" src=\"https:\/\/i0.wp.com\/www.wolpertingersfc.de\/wp-content\/uploads\/2017\/04\/Stehlig-109x138-e1509103154276.jpg?resize=101%2C138\" alt=\"\" width=\"101\" height=\"138\" \/><\/td>\n<\/tr>\n<tr align=\"left\" valign=\"center\">\n<td><\/td>\n<td>und alle AbteilungsleiterInnen<\/td>\n<td valign=\"center\"><\/td>\n<\/tr>\n<\/tbody>\n<\/table>\n","protected":false},"excerpt":{"rendered":"<p>Aktivit\u00e4ten \u00a0\u00a0 Vorstand und Team\u00a0\u00a0\u00a0 Mitglied werden\u00a0\u00a0\u00a0 Vereinsinventar Vorstand und Organisationsteam sorgen zusammen mit dem Team f\u00fcr die Organisation des Vereins und den reibungslosen Ablauf der vielf\u00e4ltigen Aktivit\u00e4ten. Vorstand: Klaus-Dieter Modrow 1. Vorstand Undinger Stra\u00dfe 20 72820 Sonnenb\u00fchl-Genkingen Tel. 0 71 28 \/ 28 80 E-Mail: klaus-dieter.modrow(at)wolpertingersfc.de Die Kontakte der Abteilungsleiter befinden sich auf den &hellip; <a href=\"http:\/\/www.wolpertingersfc.de\/?page_id=522\" class=\"more-link\"><span class=\"screen-reader-text\">Vorstand und Team<\/span> weiterlesen<\/a><\/p>\n","protected":false},"author":1,"featured_media":0,"parent":51,"menu_order":0,"comment_status":"closed","ping_status":"closed","template":"","meta":{"jetpack_post_was_ever_published":false,"_mc_calendar":[],"footnotes":""},"class_list":["post-522","page","type-page","status-publish","hentry"],"jetpack_sharing_enabled":true,"jetpack_shortlink":"https:\/\/wp.me\/P8FTYK-8q","jetpack-related-posts":[{"id":559,"url":"http:\/\/www.wolpertingersfc.de\/?page_id=559","url_meta":{"origin":522,"position":0},"title":"Vereinsinventar","author":"Wolpertingersfc","date":"20. Mai 2017","format":false,"excerpt":"Aktivit\u00e4ten \u00a0\u00a0 Vorstand und Team\u00a0\u00a0\u00a0 Mitglied werden\u00a0\u00a0\u00a0 Vereinsinventar Kajakboote und -ausr\u00fcstung Tauchausr\u00fcstungen Raftingboot mit Schwimmwesten Mannschaftszelt mit K\u00fcchenausr\u00fcstung Hockeyschl\u00e4ger Badmintonausstattung Judomatten Einr\u00e4der Zirkus-Utensilien f\u00fcr Fakire, Jonglage, Akrobatik Vereinsraum","rel":"","context":"\u00c4hnlicher Beitrag","block_context":{"text":"\u00c4hnlicher Beitrag","link":""},"img":{"alt_text":"","src":"","width":0,"height":0},"classes":[]},{"id":557,"url":"http:\/\/www.wolpertingersfc.de\/?page_id=557","url_meta":{"origin":522,"position":1},"title":"Aktivit\u00e4ten","author":"Wolpertingersfc","date":"20. Mai 2017","format":false,"excerpt":"Aktivit\u00e4ten \u00a0\u00a0 Vorstand und Team\u00a0\u00a0\u00a0 Mitglied werden\u00a0\u00a0\u00a0 Vereinsinventar \u00a0 In sieben Abteilungen werden vielf\u00e4ltige Sport- und Freizeitaktivit\u00e4ten angeboten. Neben den regelm\u00e4\u00dfigen w\u00f6chentlichen Trainings und Kursen gibt es je nach Abteilung mehrere Ausfahrten. Traditionell wandern die Wolpertinger am Dreik\u00f6nigstag. Die Wolpertinger beteiligen sich regelm\u00e4\u00dfig an den G\u00f6nninger Veranstaltungen wie Sommerfest und\u2026","rel":"","context":"\u00c4hnlicher Beitrag","block_context":{"text":"\u00c4hnlicher Beitrag","link":""},"img":{"alt_text":"","src":"","width":0,"height":0},"classes":[]},{"id":489,"url":"http:\/\/www.wolpertingersfc.de\/?page_id=489","url_meta":{"origin":522,"position":2},"title":"Mitglied werden","author":"Wolpertingersfc","date":"20. Mai 2017","format":false,"excerpt":"Aktivit\u00e4ten \u00a0\u00a0 Vorstand und Team\u00a0\u00a0\u00a0 Mitglied werden\u00a0\u00a0\u00a0 Vereinsinventar So werdet Ihr Mitglied beim Wolpertinger Sport- und Freizeitclub e.V.: Wolpertinger_Aufnahmeformular ausf\u00fcllen und senden an: Karin Haap Mitgliederverwaltung Tel. 0 74 73 \/ 63 33 E-Mail: karin.haap(at)wolpertingersfc.de In der Wolpertinger Vereinsordnung findet Ihr die Mitgliedsbeitr\u00e4ge. in der Vereinssatzung stehen die Grundlagen f\u00fcr\u2026","rel":"","context":"\u00c4hnlicher Beitrag","block_context":{"text":"\u00c4hnlicher Beitrag","link":""},"img":{"alt_text":"","src":"","width":0,"height":0},"classes":[]},{"id":51,"url":"http:\/\/www.wolpertingersfc.de\/?page_id=51","url_meta":{"origin":522,"position":3},"title":"\u00dcber uns","author":"Wolpertingersfc","date":"22. April 2017","format":false,"excerpt":"Aktivit\u00e4ten \u00a0\u00a0 Vorstand und Team\u00a0\u00a0\u00a0 Mitglied werden\u00a0\u00a0\u00a0 Vereinsinventar Wir sind ein Sport- und Freizeitclub in G\u00f6nningen f\u00fcr Leute, bei denen der Spa\u00df an der Bewegung und das gemeinsame Erleben im Vordergrund stehen. Der Sport- und Freizeitclub lebt vom Mitmachen und wir freuen uns \u00fcber alle, die sich gerne aktiv in\u2026","rel":"","context":"\u00c4hnlicher Beitrag","block_context":{"text":"\u00c4hnlicher Beitrag","link":""},"img":{"alt_text":"","src":"","width":0,"height":0},"classes":[]},{"id":701,"url":"http:\/\/www.wolpertingersfc.de\/?page_id=701","url_meta":{"origin":522,"position":4},"title":"Kontakt","author":"Wolpertingersfc","date":"29. Mai 2017","format":false,"excerpt":"\u00a0 Allgemeiner Kontakt: info(at)wolpertingersfc.de Vorstand und Ausschuss: Mail an Webmaster: info(at)wolpertingersfc.de Kontakte zu den Abteilungsleitern und Teams findet Ihr auf den Seiten der jeweiligen Abteilung.","rel":"","context":"\u00c4hnlicher Beitrag","block_context":{"text":"\u00c4hnlicher Beitrag","link":""},"img":{"alt_text":"","src":"","width":0,"height":0},"classes":[]},{"id":76,"url":"http:\/\/www.wolpertingersfc.de\/?page_id=76","url_meta":{"origin":522,"position":5},"title":"Allgemeinsport","author":"Wolpertingersfc","date":"22. April 2017","format":false,"excerpt":"\u00a0 Aktivit\u00e4ten \u00a0\u00a0 Team \u00a0\u00a0 Galerie \u00a0\u00a0 Links Ansprechpartner: Klaus-Dieter Modrow Abteilungsleiter E-Mail: klaus-dieter.modrow(at)wolpertingersfc.de Fitness, Beweglichkeit, Spa\u00df und Gesundheit tragen wesentlich zu unserer Lebensqualit\u00e4t bei. Wer fit und beweglich ist, hat mehr Spa\u00df an vielen Aktivit\u00e4ten wie Fahrradfahren, Klettern und anderen Sportarten. Deshalb treffen wir uns w\u00f6chentlich zum gemeinsamen Bewegen\u2026","rel":"","context":"\u00c4hnlicher Beitrag","block_context":{"text":"\u00c4hnlicher Beitrag","link":""},"img":{"alt_text":"","src":"https:\/\/i0.wp.com\/www.wolpertingersfc.de\/wp-content\/uploads\/2017\/04\/DSC00579-1188x261.jpg?resize=350%2C200","width":350,"height":200,"srcset":"https:\/\/i0.wp.com\/www.wolpertingersfc.de\/wp-content\/uploads\/2017\/04\/DSC00579-1188x261.jpg?resize=350%2C200 1x, https:\/\/i0.wp.com\/www.wolpertingersfc.de\/wp-content\/uploads\/2017\/04\/DSC00579-1188x261.jpg?resize=525%2C300 1.5x, https:\/\/i0.wp.com\/www.wolpertingersfc.de\/wp-content\/uploads\/2017\/04\/DSC00579-1188x261.jpg?resize=700%2C400 2x, https:\/\/i0.wp.com\/www.wolpertingersfc.de\/wp-content\/uploads\/2017\/04\/DSC00579-1188x261.jpg?resize=1050%2C600 3x"},"classes":[]}],"_links":{"self":[{"href":"http:\/\/www.wolpertingersfc.de\/index.php?rest_route=\/wp\/v2\/pages\/522","targetHints":{"allow":["GET"]}}],"collection":[{"href":"http:\/\/www.wolpertingersfc.de\/index.php?rest_route=\/wp\/v2\/pages"}],"about":[{"href":"http:\/\/www.wolpertingersfc.de\/index.php?rest_route=\/wp\/v2\/types\/page"}],"author":[{"embeddable":true,"href":"http:\/\/www.wolpertingersfc.de\/index.php?rest_route=\/wp\/v2\/users\/1"}],"replies":[{"embeddable":true,"href":"http:\/\/www.wolpertingersfc.de\/index.php?rest_route=%2Fwp%2Fv2%2Fcomments&post=522"}],"version-history":[{"count":56,"href":"http:\/\/www.wolpertingersfc.de\/index.php?rest_route=\/wp\/v2\/pages\/522\/revisions"}],"predecessor-version":[{"id":3476,"href":"http:\/\/www.wolpertingersfc.de\/index.php?rest_route=\/wp\/v2\/pages\/522\/revisions\/3476"}],"up":[{"embeddable":true,"href":"http:\/\/www.wolpertingersfc.de\/index.php?rest_route=\/wp\/v2\/pages\/51"}],"wp:attachment":[{"href":"http:\/\/www.wolpertingersfc.de\/index.php?rest_route=%2Fwp%2Fv2%2Fmedia&parent=522"}],"curies":[{"name":"wp","href":"https:\/\/api.w.org\/{rel}","templated":true}]}}