{"id":1327,"date":"2017-07-09T15:58:19","date_gmt":"2017-07-09T13:58:19","guid":{"rendered":"http:\/\/www.wolpertingersfc.de\/?page_id=1327"},"modified":"2017-12-13T17:46:44","modified_gmt":"2017-12-13T16:46:44","slug":"allgemeinsport-links","status":"publish","type":"page","link":"http:\/\/www.wolpertingersfc.de\/?page_id=1327","title":{"rendered":"Allgemeinsport &#8211; Links"},"content":{"rendered":"<table width=\"100%\">\n<tbody>\n<tr>\n<td>\u00a0<img data-recalc-dims=\"1\" loading=\"lazy\" decoding=\"async\" data-attachment-id=\"2186\" data-permalink=\"http:\/\/www.wolpertingersfc.de\/?attachment_id=2186\" data-orig-file=\"https:\/\/i0.wp.com\/www.wolpertingersfc.de\/wp-content\/uploads\/2017\/04\/DSC00579-1188x261.jpg?fit=1188%2C261\" data-orig-size=\"1188,261\" data-comments-opened=\"1\" data-image-meta=\"{&quot;aperture&quot;:&quot;2.8&quot;,&quot;credit&quot;:&quot;&quot;,&quot;camera&quot;:&quot;DSC-HX200V&quot;,&quot;caption&quot;:&quot;&quot;,&quot;created_timestamp&quot;:&quot;1513116243&quot;,&quot;copyright&quot;:&quot;&quot;,&quot;focal_length&quot;:&quot;4.8&quot;,&quot;iso&quot;:&quot;640&quot;,&quot;shutter_speed&quot;:&quot;0.02&quot;,&quot;title&quot;:&quot;&quot;,&quot;orientation&quot;:&quot;1&quot;}\" data-image-title=\"DSC00579 (1188&amp;#215;261)\" data-image-description=\"\" data-image-caption=\"\" data-medium-file=\"https:\/\/i0.wp.com\/www.wolpertingersfc.de\/wp-content\/uploads\/2017\/04\/DSC00579-1188x261.jpg?fit=300%2C66\" data-large-file=\"https:\/\/i0.wp.com\/www.wolpertingersfc.de\/wp-content\/uploads\/2017\/04\/DSC00579-1188x261.jpg?fit=863%2C190\" class=\"alignnone size-full wp-image-2186\" src=\"https:\/\/i0.wp.com\/www.wolpertingersfc.de\/wp-content\/uploads\/2017\/04\/DSC00579-1188x261.jpg?resize=863%2C190\" alt=\"\" width=\"863\" height=\"190\" srcset=\"https:\/\/i0.wp.com\/www.wolpertingersfc.de\/wp-content\/uploads\/2017\/04\/DSC00579-1188x261.jpg?resize=1188%2C261 1188w, https:\/\/i0.wp.com\/www.wolpertingersfc.de\/wp-content\/uploads\/2017\/04\/DSC00579-1188x261.jpg?resize=300%2C66 300w, https:\/\/i0.wp.com\/www.wolpertingersfc.de\/wp-content\/uploads\/2017\/04\/DSC00579-1188x261.jpg?resize=768%2C169 768w, https:\/\/i0.wp.com\/www.wolpertingersfc.de\/wp-content\/uploads\/2017\/04\/DSC00579-1188x261.jpg?resize=1024%2C225 1024w, https:\/\/i0.wp.com\/www.wolpertingersfc.de\/wp-content\/uploads\/2017\/04\/DSC00579-1188x261.jpg?resize=863%2C190 863w, https:\/\/i0.wp.com\/www.wolpertingersfc.de\/wp-content\/uploads\/2017\/04\/DSC00579-1188x261.jpg?resize=480%2C105 480w\" sizes=\"auto, (max-width: 863px) 100vw, 863px\" \/><\/td>\n<\/tr>\n<\/tbody>\n<\/table>\n<p><a href=\"http:\/\/www.wolpertingersfc.de\/?page_id=1321\">Aktivit\u00e4ten<\/a> \u00a0\u00a0 <a href=\"http:\/\/www.wolpertingersfc.de\/?page_id=1323\">Team<\/a> \u00a0\u00a0 <a href=\"http:\/\/www.wolpertingersfc.de\/?page_id=1325\">Galerie<\/a> \u00a0\u00a0 <a href=\"http:\/\/www.wolpertingersfc.de\/?page_id=1327\">Links<\/a><br \/>\n<strong><br \/>\n<img data-recalc-dims=\"1\" loading=\"lazy\" decoding=\"async\" data-attachment-id=\"637\" data-permalink=\"http:\/\/www.wolpertingersfc.de\/?attachment_id=637\" data-orig-file=\"https:\/\/i0.wp.com\/www.wolpertingersfc.de\/wp-content\/uploads\/2017\/04\/Allgemein_Wolpertinger.jpg?fit=766%2C700\" data-orig-size=\"766,700\" data-comments-opened=\"1\" data-image-meta=\"{&quot;aperture&quot;:&quot;0&quot;,&quot;credit&quot;:&quot;&quot;,&quot;camera&quot;:&quot;&quot;,&quot;caption&quot;:&quot;&quot;,&quot;created_timestamp&quot;:&quot;0&quot;,&quot;copyright&quot;:&quot;&quot;,&quot;focal_length&quot;:&quot;0&quot;,&quot;iso&quot;:&quot;0&quot;,&quot;shutter_speed&quot;:&quot;0&quot;,&quot;title&quot;:&quot;&quot;,&quot;orientation&quot;:&quot;1&quot;}\" data-image-title=\"Allgemein_Wolpertinger\" data-image-description=\"\" data-image-caption=\"\" data-medium-file=\"https:\/\/i0.wp.com\/www.wolpertingersfc.de\/wp-content\/uploads\/2017\/04\/Allgemein_Wolpertinger.jpg?fit=300%2C274\" data-large-file=\"https:\/\/i0.wp.com\/www.wolpertingersfc.de\/wp-content\/uploads\/2017\/04\/Allgemein_Wolpertinger.jpg?fit=766%2C700\" class=\"alignnone wp-image-637\" src=\"https:\/\/i0.wp.com\/www.wolpertingersfc.de\/wp-content\/uploads\/2017\/04\/Allgemein_Wolpertinger.jpg?resize=150%2C137\" alt=\"\" width=\"150\" height=\"137\" srcset=\"https:\/\/i0.wp.com\/www.wolpertingersfc.de\/wp-content\/uploads\/2017\/04\/Allgemein_Wolpertinger.jpg?resize=118%2C108 118w, https:\/\/i0.wp.com\/www.wolpertingersfc.de\/wp-content\/uploads\/2017\/04\/Allgemein_Wolpertinger.jpg?resize=300%2C274 300w, https:\/\/i0.wp.com\/www.wolpertingersfc.de\/wp-content\/uploads\/2017\/04\/Allgemein_Wolpertinger.jpg?w=766 766w\" sizes=\"auto, (max-width: 150px) 100vw, 150px\" \/><\/strong><\/p>\n<p><a href=\"http:\/\/www.wlsb.de\" target=\"_blank\" rel=\"noopener noreferrer\">WLSB<\/a> &#8211; W\u00fcrttembergischer Landessportbund<\/p>\n","protected":false},"excerpt":{"rendered":"<p>\u00a0 Aktivit\u00e4ten \u00a0\u00a0 Team \u00a0\u00a0 Galerie \u00a0\u00a0 Links WLSB &#8211; W\u00fcrttembergischer Landessportbund<\/p>\n","protected":false},"author":1,"featured_media":0,"parent":76,"menu_order":0,"comment_status":"closed","ping_status":"closed","template":"","meta":{"jetpack_post_was_ever_published":false,"_mc_calendar":[],"footnotes":""},"class_list":["post-1327","page","type-page","status-publish","hentry"],"jetpack_sharing_enabled":true,"jetpack_shortlink":"https:\/\/wp.me\/P8FTYK-lp","jetpack-related-posts":[{"id":1325,"url":"http:\/\/www.wolpertingersfc.de\/?page_id=1325","url_meta":{"origin":1327,"position":0},"title":"Allgemeinsport &#8211; Galerie","author":"Wolpertingersfc","date":"9. Juli 2017","format":false,"excerpt":"\u00a0 Aktivit\u00e4ten\u00a0\u00a0\u00a0 Team\u00a0\u00a0\u00a0 Galerie\u00a0\u00a0\u00a0 Links","rel":"","context":"\u00c4hnlicher Beitrag","block_context":{"text":"\u00c4hnlicher Beitrag","link":""},"img":{"alt_text":"","src":"https:\/\/i0.wp.com\/www.wolpertingersfc.de\/wp-content\/uploads\/2017\/07\/DSC006000004.jpg?resize=350%2C200","width":350,"height":200,"srcset":"https:\/\/i0.wp.com\/www.wolpertingersfc.de\/wp-content\/uploads\/2017\/07\/DSC006000004.jpg?resize=350%2C200 1x, https:\/\/i0.wp.com\/www.wolpertingersfc.de\/wp-content\/uploads\/2017\/07\/DSC006000004.jpg?resize=525%2C300 1.5x, https:\/\/i0.wp.com\/www.wolpertingersfc.de\/wp-content\/uploads\/2017\/07\/DSC006000004.jpg?resize=700%2C400 2x"},"classes":[]},{"id":1323,"url":"http:\/\/www.wolpertingersfc.de\/?page_id=1323","url_meta":{"origin":1327,"position":1},"title":"Allgemeinsport &#8211; Team","author":"Wolpertingersfc","date":"9. Juli 2017","format":false,"excerpt":"\u00a0 Aktivit\u00e4ten \u00a0\u00a0 Team \u00a0\u00a0 Galerie \u00a0\u00a0 Links Das Team sorgt f\u00fcr gesundheitsvertr\u00e4gliche Bewegung und lang anhaltenden Spa\u00df an der Bewegung. Frieder Randecker E-Mail: frieder.randecker(at)wolpertingersfc.de","rel":"","context":"\u00c4hnlicher Beitrag","block_context":{"text":"\u00c4hnlicher Beitrag","link":""},"img":{"alt_text":"","src":"https:\/\/i0.wp.com\/www.wolpertingersfc.de\/wp-content\/uploads\/2017\/04\/DSC00579-1188x261.jpg?resize=350%2C200","width":350,"height":200,"srcset":"https:\/\/i0.wp.com\/www.wolpertingersfc.de\/wp-content\/uploads\/2017\/04\/DSC00579-1188x261.jpg?resize=350%2C200 1x, https:\/\/i0.wp.com\/www.wolpertingersfc.de\/wp-content\/uploads\/2017\/04\/DSC00579-1188x261.jpg?resize=525%2C300 1.5x, https:\/\/i0.wp.com\/www.wolpertingersfc.de\/wp-content\/uploads\/2017\/04\/DSC00579-1188x261.jpg?resize=700%2C400 2x, https:\/\/i0.wp.com\/www.wolpertingersfc.de\/wp-content\/uploads\/2017\/04\/DSC00579-1188x261.jpg?resize=1050%2C600 3x"},"classes":[]},{"id":76,"url":"http:\/\/www.wolpertingersfc.de\/?page_id=76","url_meta":{"origin":1327,"position":2},"title":"Allgemeinsport","author":"Wolpertingersfc","date":"22. April 2017","format":false,"excerpt":"\u00a0 Aktivit\u00e4ten \u00a0\u00a0 Team \u00a0\u00a0 Galerie \u00a0\u00a0 Links Ansprechpartner: Klaus-Dieter Modrow Abteilungsleiter E-Mail: klaus-dieter.modrow(at)wolpertingersfc.de Fitness, Beweglichkeit, Spa\u00df und Gesundheit tragen wesentlich zu unserer Lebensqualit\u00e4t bei. Wer fit und beweglich ist, hat mehr Spa\u00df an vielen Aktivit\u00e4ten wie Fahrradfahren, Klettern und anderen Sportarten. Deshalb treffen wir uns w\u00f6chentlich zum gemeinsamen Bewegen\u2026","rel":"","context":"\u00c4hnlicher Beitrag","block_context":{"text":"\u00c4hnlicher Beitrag","link":""},"img":{"alt_text":"","src":"https:\/\/i0.wp.com\/www.wolpertingersfc.de\/wp-content\/uploads\/2017\/04\/DSC00579-1188x261.jpg?resize=350%2C200","width":350,"height":200,"srcset":"https:\/\/i0.wp.com\/www.wolpertingersfc.de\/wp-content\/uploads\/2017\/04\/DSC00579-1188x261.jpg?resize=350%2C200 1x, https:\/\/i0.wp.com\/www.wolpertingersfc.de\/wp-content\/uploads\/2017\/04\/DSC00579-1188x261.jpg?resize=525%2C300 1.5x, https:\/\/i0.wp.com\/www.wolpertingersfc.de\/wp-content\/uploads\/2017\/04\/DSC00579-1188x261.jpg?resize=700%2C400 2x, https:\/\/i0.wp.com\/www.wolpertingersfc.de\/wp-content\/uploads\/2017\/04\/DSC00579-1188x261.jpg?resize=1050%2C600 3x"},"classes":[]},{"id":1321,"url":"http:\/\/www.wolpertingersfc.de\/?page_id=1321","url_meta":{"origin":1327,"position":3},"title":"Allgemeinsport &#8211; Aktivit\u00e4ten","author":"Wolpertingersfc","date":"9. Juli 2017","format":false,"excerpt":"\u00a0 Aktivit\u00e4ten \u00a0\u00a0 Team \u00a0\u00a0 Galerie\u00a0\u00a0\u00a0 Links Wir treffen uns Dienstag abends um 20.30 Uhr (ausser in den Ferien)\u00a0 in der Turnhalle der Ro\u00dfbergschule in G\u00f6nningen, um uns gemeinsam zu bewegen. Nach einer Aufw\u00e4rmphase bewegen und dehnen wir unsere vielf\u00e4ltigen Muskelgruppen, um unsere Beweglichkeit zu erhalten und vielleicht noch ein\u2026","rel":"","context":"\u00c4hnlicher Beitrag","block_context":{"text":"\u00c4hnlicher Beitrag","link":""},"img":{"alt_text":"","src":"https:\/\/i0.wp.com\/www.wolpertingersfc.de\/wp-content\/uploads\/2017\/04\/DSC00579-1188x261.jpg?resize=350%2C200","width":350,"height":200,"srcset":"https:\/\/i0.wp.com\/www.wolpertingersfc.de\/wp-content\/uploads\/2017\/04\/DSC00579-1188x261.jpg?resize=350%2C200 1x, https:\/\/i0.wp.com\/www.wolpertingersfc.de\/wp-content\/uploads\/2017\/04\/DSC00579-1188x261.jpg?resize=525%2C300 1.5x, https:\/\/i0.wp.com\/www.wolpertingersfc.de\/wp-content\/uploads\/2017\/04\/DSC00579-1188x261.jpg?resize=700%2C400 2x, https:\/\/i0.wp.com\/www.wolpertingersfc.de\/wp-content\/uploads\/2017\/04\/DSC00579-1188x261.jpg?resize=1050%2C600 3x"},"classes":[]},{"id":180,"url":"http:\/\/www.wolpertingersfc.de\/?page_id=180","url_meta":{"origin":1327,"position":4},"title":"Tauchen &#8211; Links","author":"Wolpertingersfc","date":"24. April 2017","format":false,"excerpt":"Aktivit\u00e4ten\u00a0\u00a0\u00a0\u00a0 Team \u00a0\u00a0\u00a0\u00a0 Galerie\u00a0\u00a0\u00a0\u00a0 Links Delphinschutz-Projekt Kroatien Signalspiegel f\u00fcr \u00c4gypten Neue Arten in Tauchgew\u00e4ssern UnterWasserWelt - UW-Zeitschrift Universal Dive Data Format (UDDF) Reef Check Europe www.riffe.de Aida-deutschland e.V. - Deutscher Fachverband f\u00fcr Apnoe-Sport tauchsport wiki - Wissensdatenbank \u00fcber den Tauchsport tauchsport.net - Tauchsport XL UW-Zeitschrift tauch-sport.net - das tauchsportportal. GT\u00dcM\u2026","rel":"","context":"\u00c4hnlicher Beitrag","block_context":{"text":"\u00c4hnlicher Beitrag","link":""},"img":{"alt_text":"","src":"https:\/\/i0.wp.com\/www.wolpertingersfc.de\/wp-content\/uploads\/2017\/08\/Aktivit%C3%A4t-DSC03574-e1501784895593.jpg?resize=350%2C200","width":350,"height":200},"classes":[]},{"id":50,"url":"http:\/\/www.wolpertingersfc.de\/?page_id=50","url_meta":{"origin":1327,"position":5},"title":"Tauchen","author":"Wolpertingersfc","date":"22. April 2017","format":false,"excerpt":"Aktivit\u00e4ten\u00a0\u00a0\u00a0 Team\u00a0\u00a0\u00a0 Galerie \u00a0\u00a0 Links Ansprechpartner: Hartmut Hauser Abteilungsleiter E-Mail: hartmut.hauser(at)wolpertingersfc.de Unsere Tauchabteilung besteht aus ca. 50 Tauchern, vorwiegend aus dem Raum Reutlingen \/ M\u00f6ssingen \/ T\u00fcbingen und wir haben ganzj\u00e4hrig eine Trainingsm\u00f6glichkeit in einem Bad. Wir sind in unserem Bundesverband Verband Deutscher Sporttaucher (VDST) organisiert (www.vdst.de). Innerhalb des Bundesverbandes\u2026","rel":"","context":"\u00c4hnlicher Beitrag","block_context":{"text":"\u00c4hnlicher Beitrag","link":""},"img":{"alt_text":"","src":"https:\/\/i0.wp.com\/www.wolpertingersfc.de\/wp-content\/uploads\/2017\/04\/Hai-e1501664164574.jpg?resize=350%2C200","width":350,"height":200,"srcset":"https:\/\/i0.wp.com\/www.wolpertingersfc.de\/wp-content\/uploads\/2017\/04\/Hai-e1501664164574.jpg?resize=350%2C200 1x, https:\/\/i0.wp.com\/www.wolpertingersfc.de\/wp-content\/uploads\/2017\/04\/Hai-e1501664164574.jpg?resize=525%2C300 1.5x, https:\/\/i0.wp.com\/www.wolpertingersfc.de\/wp-content\/uploads\/2017\/04\/Hai-e1501664164574.jpg?resize=700%2C400 2x, https:\/\/i0.wp.com\/www.wolpertingersfc.de\/wp-content\/uploads\/2017\/04\/Hai-e1501664164574.jpg?resize=1050%2C600 3x"},"classes":[]}],"_links":{"self":[{"href":"http:\/\/www.wolpertingersfc.de\/index.php?rest_route=\/wp\/v2\/pages\/1327","targetHints":{"allow":["GET"]}}],"collection":[{"href":"http:\/\/www.wolpertingersfc.de\/index.php?rest_route=\/wp\/v2\/pages"}],"about":[{"href":"http:\/\/www.wolpertingersfc.de\/index.php?rest_route=\/wp\/v2\/types\/page"}],"author":[{"embeddable":true,"href":"http:\/\/www.wolpertingersfc.de\/index.php?rest_route=\/wp\/v2\/users\/1"}],"replies":[{"embeddable":true,"href":"http:\/\/www.wolpertingersfc.de\/index.php?rest_route=%2Fwp%2Fv2%2Fcomments&post=1327"}],"version-history":[{"count":8,"href":"http:\/\/www.wolpertingersfc.de\/index.php?rest_route=\/wp\/v2\/pages\/1327\/revisions"}],"predecessor-version":[{"id":2192,"href":"http:\/\/www.wolpertingersfc.de\/index.php?rest_route=\/wp\/v2\/pages\/1327\/revisions\/2192"}],"up":[{"embeddable":true,"href":"http:\/\/www.wolpertingersfc.de\/index.php?rest_route=\/wp\/v2\/pages\/76"}],"wp:attachment":[{"href":"http:\/\/www.wolpertingersfc.de\/index.php?rest_route=%2Fwp%2Fv2%2Fmedia&parent=1327"}],"curies":[{"name":"wp","href":"https:\/\/api.w.org\/{rel}","templated":true}]}}