{"id":1323,"date":"2017-07-09T15:57:43","date_gmt":"2017-07-09T13:57:43","guid":{"rendered":"http:\/\/www.wolpertingersfc.de\/?page_id=1323"},"modified":"2018-03-15T13:45:29","modified_gmt":"2018-03-15T12:45:29","slug":"allgemeinsport-team","status":"publish","type":"page","link":"http:\/\/www.wolpertingersfc.de\/?page_id=1323","title":{"rendered":"Allgemeinsport &#8211; Team"},"content":{"rendered":"<table width=\"100%\">\n<tbody>\n<tr>\n<td>\u00a0<img data-recalc-dims=\"1\" loading=\"lazy\" decoding=\"async\" data-attachment-id=\"2186\" data-permalink=\"http:\/\/www.wolpertingersfc.de\/?attachment_id=2186\" data-orig-file=\"https:\/\/i0.wp.com\/www.wolpertingersfc.de\/wp-content\/uploads\/2017\/04\/DSC00579-1188x261.jpg?fit=1188%2C261\" data-orig-size=\"1188,261\" data-comments-opened=\"1\" data-image-meta=\"{&quot;aperture&quot;:&quot;2.8&quot;,&quot;credit&quot;:&quot;&quot;,&quot;camera&quot;:&quot;DSC-HX200V&quot;,&quot;caption&quot;:&quot;&quot;,&quot;created_timestamp&quot;:&quot;1513116243&quot;,&quot;copyright&quot;:&quot;&quot;,&quot;focal_length&quot;:&quot;4.8&quot;,&quot;iso&quot;:&quot;640&quot;,&quot;shutter_speed&quot;:&quot;0.02&quot;,&quot;title&quot;:&quot;&quot;,&quot;orientation&quot;:&quot;1&quot;}\" data-image-title=\"DSC00579 (1188&amp;#215;261)\" data-image-description=\"\" data-image-caption=\"\" data-medium-file=\"https:\/\/i0.wp.com\/www.wolpertingersfc.de\/wp-content\/uploads\/2017\/04\/DSC00579-1188x261.jpg?fit=300%2C66\" data-large-file=\"https:\/\/i0.wp.com\/www.wolpertingersfc.de\/wp-content\/uploads\/2017\/04\/DSC00579-1188x261.jpg?fit=863%2C190\" class=\"alignnone size-full wp-image-2186\" src=\"https:\/\/i0.wp.com\/www.wolpertingersfc.de\/wp-content\/uploads\/2017\/04\/DSC00579-1188x261.jpg?resize=863%2C190\" alt=\"\" width=\"863\" height=\"190\" srcset=\"https:\/\/i0.wp.com\/www.wolpertingersfc.de\/wp-content\/uploads\/2017\/04\/DSC00579-1188x261.jpg?resize=1188%2C261 1188w, https:\/\/i0.wp.com\/www.wolpertingersfc.de\/wp-content\/uploads\/2017\/04\/DSC00579-1188x261.jpg?resize=300%2C66 300w, https:\/\/i0.wp.com\/www.wolpertingersfc.de\/wp-content\/uploads\/2017\/04\/DSC00579-1188x261.jpg?resize=768%2C169 768w, https:\/\/i0.wp.com\/www.wolpertingersfc.de\/wp-content\/uploads\/2017\/04\/DSC00579-1188x261.jpg?resize=1024%2C225 1024w, https:\/\/i0.wp.com\/www.wolpertingersfc.de\/wp-content\/uploads\/2017\/04\/DSC00579-1188x261.jpg?resize=863%2C190 863w, https:\/\/i0.wp.com\/www.wolpertingersfc.de\/wp-content\/uploads\/2017\/04\/DSC00579-1188x261.jpg?resize=480%2C105 480w\" sizes=\"auto, (max-width: 863px) 100vw, 863px\" \/><\/td>\n<\/tr>\n<\/tbody>\n<\/table>\n<p><a href=\"http:\/\/www.wolpertingersfc.de\/?page_id=1321\">Aktivit\u00e4ten<\/a> \u00a0\u00a0 <a href=\"http:\/\/www.wolpertingersfc.de\/?page_id=1323\">Team<\/a> \u00a0\u00a0 <a href=\"http:\/\/www.wolpertingersfc.de\/?page_id=1325\">Galerie<\/a> \u00a0\u00a0 <a href=\"http:\/\/www.wolpertingersfc.de\/?page_id=1327\">Links<\/a><\/p>\n<table>\n<tbody>\n<tr align=\"left\" valign=\"top\">\n<td><strong><img data-recalc-dims=\"1\" loading=\"lazy\" decoding=\"async\" data-attachment-id=\"637\" data-permalink=\"http:\/\/www.wolpertingersfc.de\/?attachment_id=637\" data-orig-file=\"https:\/\/i0.wp.com\/www.wolpertingersfc.de\/wp-content\/uploads\/2017\/04\/Allgemein_Wolpertinger.jpg?fit=766%2C700\" data-orig-size=\"766,700\" data-comments-opened=\"1\" data-image-meta=\"{&quot;aperture&quot;:&quot;0&quot;,&quot;credit&quot;:&quot;&quot;,&quot;camera&quot;:&quot;&quot;,&quot;caption&quot;:&quot;&quot;,&quot;created_timestamp&quot;:&quot;0&quot;,&quot;copyright&quot;:&quot;&quot;,&quot;focal_length&quot;:&quot;0&quot;,&quot;iso&quot;:&quot;0&quot;,&quot;shutter_speed&quot;:&quot;0&quot;,&quot;title&quot;:&quot;&quot;,&quot;orientation&quot;:&quot;1&quot;}\" data-image-title=\"Allgemein_Wolpertinger\" data-image-description=\"\" data-image-caption=\"\" data-medium-file=\"https:\/\/i0.wp.com\/www.wolpertingersfc.de\/wp-content\/uploads\/2017\/04\/Allgemein_Wolpertinger.jpg?fit=300%2C274\" data-large-file=\"https:\/\/i0.wp.com\/www.wolpertingersfc.de\/wp-content\/uploads\/2017\/04\/Allgemein_Wolpertinger.jpg?fit=766%2C700\" class=\"alignnone wp-image-637\" src=\"https:\/\/i0.wp.com\/www.wolpertingersfc.de\/wp-content\/uploads\/2017\/04\/Allgemein_Wolpertinger.jpg?resize=150%2C137\" alt=\"\" width=\"150\" height=\"137\" srcset=\"https:\/\/i0.wp.com\/www.wolpertingersfc.de\/wp-content\/uploads\/2017\/04\/Allgemein_Wolpertinger.jpg?resize=118%2C108 118w, https:\/\/i0.wp.com\/www.wolpertingersfc.de\/wp-content\/uploads\/2017\/04\/Allgemein_Wolpertinger.jpg?resize=300%2C274 300w, https:\/\/i0.wp.com\/www.wolpertingersfc.de\/wp-content\/uploads\/2017\/04\/Allgemein_Wolpertinger.jpg?w=766 766w\" sizes=\"auto, (max-width: 150px) 100vw, 150px\" \/><\/strong><\/td>\n<td valign=\"bottom\"><\/td>\n<td><\/td>\n<\/tr>\n<tr align=\"left\" valign=\"top\">\n<td>Das Team sorgt f\u00fcr gesundheitsvertr\u00e4gliche Bewegung und lang anhaltenden Spa\u00df an der Bewegung.<\/td>\n<td>Frieder Randecker<br \/>\nE-Mail:<br \/>\n<a href=\"mailto:frieder.randecker@wolpertingersfc.de\"> frieder.randecker(at)wolpertingersfc.de<\/a><\/td>\n<td valign=\"top\"><\/td>\n<\/tr>\n<tr align=\"left\" valign=\"top\">\n<td><\/td>\n<td><\/td>\n<td valign=\"top\"><\/td>\n<\/tr>\n<\/tbody>\n<\/table>\n","protected":false},"excerpt":{"rendered":"<p>\u00a0 Aktivit\u00e4ten \u00a0\u00a0 Team \u00a0\u00a0 Galerie \u00a0\u00a0 Links Das Team sorgt f\u00fcr gesundheitsvertr\u00e4gliche Bewegung und lang anhaltenden Spa\u00df an der Bewegung. Frieder Randecker E-Mail: frieder.randecker(at)wolpertingersfc.de<\/p>\n","protected":false},"author":1,"featured_media":0,"parent":76,"menu_order":0,"comment_status":"closed","ping_status":"closed","template":"","meta":{"jetpack_post_was_ever_published":false,"_mc_calendar":[],"footnotes":""},"class_list":["post-1323","page","type-page","status-publish","hentry"],"jetpack_sharing_enabled":true,"jetpack_shortlink":"https:\/\/wp.me\/P8FTYK-ll","jetpack-related-posts":[{"id":51,"url":"http:\/\/www.wolpertingersfc.de\/?page_id=51","url_meta":{"origin":1323,"position":0},"title":"\u00dcber uns","author":"Wolpertingersfc","date":"22. April 2017","format":false,"excerpt":"Aktivit\u00e4ten \u00a0\u00a0 Vorstand und Team\u00a0\u00a0\u00a0 Mitglied werden\u00a0\u00a0\u00a0 Vereinsinventar Wir sind ein Sport- und Freizeitclub in G\u00f6nningen f\u00fcr Leute, bei denen der Spa\u00df an der Bewegung und das gemeinsame Erleben im Vordergrund stehen. Der Sport- und Freizeitclub lebt vom Mitmachen und wir freuen uns \u00fcber alle, die sich gerne aktiv in\u2026","rel":"","context":"\u00c4hnlicher Beitrag","block_context":{"text":"\u00c4hnlicher Beitrag","link":""},"img":{"alt_text":"","src":"","width":0,"height":0},"classes":[]},{"id":101,"url":"http:\/\/www.wolpertingersfc.de\/?page_id=101","url_meta":{"origin":1323,"position":1},"title":"Klettern","author":"Wolpertingersfc","date":"22. April 2017","format":false,"excerpt":"Aktivit\u00e4ten \u00a0 Galerie\u00a0\u00a0\u00a0 Links \u00a0 Ansprechpartner: Siegfried Stehlig Abteilungsleiter E-Mail: siegfried.stehlig(at)wolpertingersfc.de Trendsport Klettern ist mehr als nur Bewegung: Technik, K\u00f6rpergef\u00fchl, Kraft, Koordination, Konzentration, \u00dcberwindung, Verantwortung \u00fcbernehmen, Teamgeist und...Spa\u00df. All das kann man bei uns lernen und erleben. Unter fachkundiger Anleitung wird in Kursen das notwendige Know-How erlernt, selbstst\u00e4ndig zu klettern\u2026","rel":"","context":"\u00c4hnlicher Beitrag","block_context":{"text":"\u00c4hnlicher Beitrag","link":""},"img":{"alt_text":"","src":"https:\/\/i0.wp.com\/www.wolpertingersfc.de\/wp-content\/uploads\/2017\/04\/Titelbild_Klettern-e1509301500233.jpg?resize=350%2C200","width":350,"height":200,"srcset":"https:\/\/i0.wp.com\/www.wolpertingersfc.de\/wp-content\/uploads\/2017\/04\/Titelbild_Klettern-e1509301500233.jpg?resize=350%2C200 1x, https:\/\/i0.wp.com\/www.wolpertingersfc.de\/wp-content\/uploads\/2017\/04\/Titelbild_Klettern-e1509301500233.jpg?resize=525%2C300 1.5x, https:\/\/i0.wp.com\/www.wolpertingersfc.de\/wp-content\/uploads\/2017\/04\/Titelbild_Klettern-e1509301500233.jpg?resize=700%2C400 2x, https:\/\/i0.wp.com\/www.wolpertingersfc.de\/wp-content\/uploads\/2017\/04\/Titelbild_Klettern-e1509301500233.jpg?resize=1050%2C600 3x"},"classes":[]},{"id":1342,"url":"http:\/\/www.wolpertingersfc.de\/?page_id=1342","url_meta":{"origin":1323,"position":2},"title":"Radsport &#8211; Team","author":"Wolpertingersfc","date":"9. Juli 2017","format":false,"excerpt":"Aktivit\u00e4ten\u00a0\u00a0\u00a0 Team\u00a0\u00a0\u00a0 Galerie\u00a0\u00a0\u00a0 Links","rel":"","context":"\u00c4hnlicher Beitrag","block_context":{"text":"\u00c4hnlicher Beitrag","link":""},"img":{"alt_text":"","src":"https:\/\/i0.wp.com\/www.wolpertingersfc.de\/wp-content\/uploads\/2017\/04\/IMAG0025-e1499609523994.jpg?resize=350%2C200","width":350,"height":200,"srcset":"https:\/\/i0.wp.com\/www.wolpertingersfc.de\/wp-content\/uploads\/2017\/04\/IMAG0025-e1499609523994.jpg?resize=350%2C200 1x, https:\/\/i0.wp.com\/www.wolpertingersfc.de\/wp-content\/uploads\/2017\/04\/IMAG0025-e1499609523994.jpg?resize=525%2C300 1.5x, https:\/\/i0.wp.com\/www.wolpertingersfc.de\/wp-content\/uploads\/2017\/04\/IMAG0025-e1499609523994.jpg?resize=700%2C400 2x, https:\/\/i0.wp.com\/www.wolpertingersfc.de\/wp-content\/uploads\/2017\/04\/IMAG0025-e1499609523994.jpg?resize=1050%2C600 3x"},"classes":[]},{"id":3317,"url":"http:\/\/www.wolpertingersfc.de\/?page_id=3317","url_meta":{"origin":1323,"position":3},"title":"Yoga &#8211; Team","author":"Wolpertingersfc","date":"10. Februar 2020","format":false,"excerpt":"Aktivit\u00e4ten Team Der Kurs wird geleitet von der Yogalehrerin Gabriele Schrenk","rel":"","context":"\u00c4hnlicher Beitrag","block_context":{"text":"\u00c4hnlicher Beitrag","link":""},"img":{"alt_text":"","src":"https:\/\/i0.wp.com\/www.wolpertingersfc.de\/wp-content\/uploads\/2022\/11\/Gabriele-Schrenk-scaled.jpg?resize=350%2C200","width":350,"height":200,"srcset":"https:\/\/i0.wp.com\/www.wolpertingersfc.de\/wp-content\/uploads\/2022\/11\/Gabriele-Schrenk-scaled.jpg?resize=350%2C200 1x, https:\/\/i0.wp.com\/www.wolpertingersfc.de\/wp-content\/uploads\/2022\/11\/Gabriele-Schrenk-scaled.jpg?resize=525%2C300 1.5x, https:\/\/i0.wp.com\/www.wolpertingersfc.de\/wp-content\/uploads\/2022\/11\/Gabriele-Schrenk-scaled.jpg?resize=700%2C400 2x, https:\/\/i0.wp.com\/www.wolpertingersfc.de\/wp-content\/uploads\/2022\/11\/Gabriele-Schrenk-scaled.jpg?resize=1050%2C600 3x, https:\/\/i0.wp.com\/www.wolpertingersfc.de\/wp-content\/uploads\/2022\/11\/Gabriele-Schrenk-scaled.jpg?resize=1400%2C800 4x"},"classes":[]},{"id":1106,"url":"http:\/\/www.wolpertingersfc.de\/?page_id=1106","url_meta":{"origin":1323,"position":4},"title":"Zirkus &#8211; Team","author":"Wolpertingersfc","date":"3. Juli 2017","format":false,"excerpt":"Aktivit\u00e4ten\u00a0\u00a0\u00a0 Team\u00a0\u00a0\u00a0 Galerie\u00a0\u00a0\u00a0 Links Unsere Trainerinnen: Judith Diebermann E-Mail: judith.diebermann(at)wolpertingersfc.de","rel":"","context":"\u00c4hnlicher Beitrag","block_context":{"text":"\u00c4hnlicher Beitrag","link":""},"img":{"alt_text":"","src":"https:\/\/i0.wp.com\/www.wolpertingersfc.de\/wp-content\/uploads\/2017\/04\/Zirkus15-e1499106642859-480x83.jpg?resize=350%2C200","width":350,"height":200,"srcset":"https:\/\/i0.wp.com\/www.wolpertingersfc.de\/wp-content\/uploads\/2017\/04\/Zirkus15-e1499106642859-480x83.jpg?resize=350%2C200 1x, https:\/\/i0.wp.com\/www.wolpertingersfc.de\/wp-content\/uploads\/2017\/04\/Zirkus15-e1499106642859-480x83.jpg?resize=525%2C300 1.5x, https:\/\/i0.wp.com\/www.wolpertingersfc.de\/wp-content\/uploads\/2017\/04\/Zirkus15-e1499106642859-480x83.jpg?resize=700%2C400 2x, https:\/\/i0.wp.com\/www.wolpertingersfc.de\/wp-content\/uploads\/2017\/04\/Zirkus15-e1499106642859-480x83.jpg?resize=1050%2C600 3x"},"classes":[]},{"id":174,"url":"http:\/\/www.wolpertingersfc.de\/?page_id=174","url_meta":{"origin":1323,"position":5},"title":"Tauchen &#8211; Team","author":"Wolpertingersfc","date":"24. April 2017","format":false,"excerpt":"Aktivit\u00e4ten \u00a0\u00a0\u00a0 Team\u00a0\u00a0\u00a0\u00a0 Galerie\u00a0\u00a0\u00a0\u00a0 Links \u00a0Unsere Ausbilder: Unser Team und viele weitere aktive Mithelfer sorgen daf\u00fcr, dass es in der Aus- und Weiterbildung sowie bei Action und Spa\u00df an nichts fehlt. Gerhard Gauger Tauchlehrer (TL**) E-Mail: gerhard.gauger(at)wolpertingersfc.de Roman Weitmann Tauchlehrer (TL**) E-Mail: roman.weitmann(at)wolpertingersfc.de Hartmut Hauser Trainer C E-Mail: hartmut.hauser(at)wolpertingersfc.de Michael\u2026","rel":"","context":"\u00c4hnlicher Beitrag","block_context":{"text":"\u00c4hnlicher Beitrag","link":""},"img":{"alt_text":"","src":"https:\/\/i0.wp.com\/www.wolpertingersfc.de\/wp-content\/uploads\/2017\/08\/Team-DSC02658-e1501785399983.jpg?resize=350%2C200","width":350,"height":200},"classes":[]}],"_links":{"self":[{"href":"http:\/\/www.wolpertingersfc.de\/index.php?rest_route=\/wp\/v2\/pages\/1323","targetHints":{"allow":["GET"]}}],"collection":[{"href":"http:\/\/www.wolpertingersfc.de\/index.php?rest_route=\/wp\/v2\/pages"}],"about":[{"href":"http:\/\/www.wolpertingersfc.de\/index.php?rest_route=\/wp\/v2\/types\/page"}],"author":[{"embeddable":true,"href":"http:\/\/www.wolpertingersfc.de\/index.php?rest_route=\/wp\/v2\/users\/1"}],"replies":[{"embeddable":true,"href":"http:\/\/www.wolpertingersfc.de\/index.php?rest_route=%2Fwp%2Fv2%2Fcomments&post=1323"}],"version-history":[{"count":20,"href":"http:\/\/www.wolpertingersfc.de\/index.php?rest_route=\/wp\/v2\/pages\/1323\/revisions"}],"predecessor-version":[{"id":2305,"href":"http:\/\/www.wolpertingersfc.de\/index.php?rest_route=\/wp\/v2\/pages\/1323\/revisions\/2305"}],"up":[{"embeddable":true,"href":"http:\/\/www.wolpertingersfc.de\/index.php?rest_route=\/wp\/v2\/pages\/76"}],"wp:attachment":[{"href":"http:\/\/www.wolpertingersfc.de\/index.php?rest_route=%2Fwp%2Fv2%2Fmedia&parent=1323"}],"curies":[{"name":"wp","href":"https:\/\/api.w.org\/{rel}","templated":true}]}}