{"id":1321,"date":"2017-07-09T15:57:26","date_gmt":"2017-07-09T13:57:26","guid":{"rendered":"http:\/\/www.wolpertingersfc.de\/?page_id=1321"},"modified":"2017-12-13T17:50:54","modified_gmt":"2017-12-13T16:50:54","slug":"allgemeinsport-aktivitaeten","status":"publish","type":"page","link":"http:\/\/www.wolpertingersfc.de\/?page_id=1321","title":{"rendered":"Allgemeinsport &#8211; Aktivit\u00e4ten"},"content":{"rendered":"<table width=\"100%\">\n<tbody>\n<tr>\n<td>\u00a0<img data-recalc-dims=\"1\" loading=\"lazy\" decoding=\"async\" data-attachment-id=\"2186\" data-permalink=\"http:\/\/www.wolpertingersfc.de\/?attachment_id=2186\" data-orig-file=\"https:\/\/i0.wp.com\/www.wolpertingersfc.de\/wp-content\/uploads\/2017\/04\/DSC00579-1188x261.jpg?fit=1188%2C261\" data-orig-size=\"1188,261\" data-comments-opened=\"1\" data-image-meta=\"{&quot;aperture&quot;:&quot;2.8&quot;,&quot;credit&quot;:&quot;&quot;,&quot;camera&quot;:&quot;DSC-HX200V&quot;,&quot;caption&quot;:&quot;&quot;,&quot;created_timestamp&quot;:&quot;1513116243&quot;,&quot;copyright&quot;:&quot;&quot;,&quot;focal_length&quot;:&quot;4.8&quot;,&quot;iso&quot;:&quot;640&quot;,&quot;shutter_speed&quot;:&quot;0.02&quot;,&quot;title&quot;:&quot;&quot;,&quot;orientation&quot;:&quot;1&quot;}\" data-image-title=\"DSC00579 (1188&amp;#215;261)\" data-image-description=\"\" data-image-caption=\"\" data-medium-file=\"https:\/\/i0.wp.com\/www.wolpertingersfc.de\/wp-content\/uploads\/2017\/04\/DSC00579-1188x261.jpg?fit=300%2C66\" data-large-file=\"https:\/\/i0.wp.com\/www.wolpertingersfc.de\/wp-content\/uploads\/2017\/04\/DSC00579-1188x261.jpg?fit=863%2C190\" class=\"alignnone size-full wp-image-2186\" src=\"https:\/\/i0.wp.com\/www.wolpertingersfc.de\/wp-content\/uploads\/2017\/04\/DSC00579-1188x261.jpg?resize=863%2C190\" alt=\"\" width=\"863\" height=\"190\" srcset=\"https:\/\/i0.wp.com\/www.wolpertingersfc.de\/wp-content\/uploads\/2017\/04\/DSC00579-1188x261.jpg?resize=1188%2C261 1188w, https:\/\/i0.wp.com\/www.wolpertingersfc.de\/wp-content\/uploads\/2017\/04\/DSC00579-1188x261.jpg?resize=300%2C66 300w, https:\/\/i0.wp.com\/www.wolpertingersfc.de\/wp-content\/uploads\/2017\/04\/DSC00579-1188x261.jpg?resize=768%2C169 768w, https:\/\/i0.wp.com\/www.wolpertingersfc.de\/wp-content\/uploads\/2017\/04\/DSC00579-1188x261.jpg?resize=1024%2C225 1024w, https:\/\/i0.wp.com\/www.wolpertingersfc.de\/wp-content\/uploads\/2017\/04\/DSC00579-1188x261.jpg?resize=863%2C190 863w, https:\/\/i0.wp.com\/www.wolpertingersfc.de\/wp-content\/uploads\/2017\/04\/DSC00579-1188x261.jpg?resize=480%2C105 480w\" sizes=\"auto, (max-width: 863px) 100vw, 863px\" \/><\/td>\n<\/tr>\n<\/tbody>\n<\/table>\n<p><a href=\"http:\/\/www.wolpertingersfc.de\/?page_id=1321\">Aktivit\u00e4ten<\/a> \u00a0\u00a0 <a href=\"http:\/\/www.wolpertingersfc.de\/?page_id=1323\">Team<\/a> \u00a0\u00a0 <a href=\"http:\/\/www.wolpertingersfc.de\/?page_id=1325\">Galerie<\/a>\u00a0\u00a0\u00a0 <a href=\"http:\/\/www.wolpertingersfc.de\/?page_id=1327\">Links<\/a><br \/>\n<strong><br \/>\n<img data-recalc-dims=\"1\" loading=\"lazy\" decoding=\"async\" data-attachment-id=\"637\" data-permalink=\"http:\/\/www.wolpertingersfc.de\/?attachment_id=637\" data-orig-file=\"https:\/\/i0.wp.com\/www.wolpertingersfc.de\/wp-content\/uploads\/2017\/04\/Allgemein_Wolpertinger.jpg?fit=766%2C700\" data-orig-size=\"766,700\" data-comments-opened=\"1\" data-image-meta=\"{&quot;aperture&quot;:&quot;0&quot;,&quot;credit&quot;:&quot;&quot;,&quot;camera&quot;:&quot;&quot;,&quot;caption&quot;:&quot;&quot;,&quot;created_timestamp&quot;:&quot;0&quot;,&quot;copyright&quot;:&quot;&quot;,&quot;focal_length&quot;:&quot;0&quot;,&quot;iso&quot;:&quot;0&quot;,&quot;shutter_speed&quot;:&quot;0&quot;,&quot;title&quot;:&quot;&quot;,&quot;orientation&quot;:&quot;1&quot;}\" data-image-title=\"Allgemein_Wolpertinger\" data-image-description=\"\" data-image-caption=\"\" data-medium-file=\"https:\/\/i0.wp.com\/www.wolpertingersfc.de\/wp-content\/uploads\/2017\/04\/Allgemein_Wolpertinger.jpg?fit=300%2C274\" data-large-file=\"https:\/\/i0.wp.com\/www.wolpertingersfc.de\/wp-content\/uploads\/2017\/04\/Allgemein_Wolpertinger.jpg?fit=766%2C700\" class=\"alignnone wp-image-637\" src=\"https:\/\/i0.wp.com\/www.wolpertingersfc.de\/wp-content\/uploads\/2017\/04\/Allgemein_Wolpertinger.jpg?resize=150%2C137\" alt=\"\" width=\"150\" height=\"137\" srcset=\"https:\/\/i0.wp.com\/www.wolpertingersfc.de\/wp-content\/uploads\/2017\/04\/Allgemein_Wolpertinger.jpg?resize=118%2C108 118w, https:\/\/i0.wp.com\/www.wolpertingersfc.de\/wp-content\/uploads\/2017\/04\/Allgemein_Wolpertinger.jpg?resize=300%2C274 300w, https:\/\/i0.wp.com\/www.wolpertingersfc.de\/wp-content\/uploads\/2017\/04\/Allgemein_Wolpertinger.jpg?w=766 766w\" sizes=\"auto, (max-width: 150px) 100vw, 150px\" \/><\/strong><\/p>\n<p>Wir treffen uns Dienstag abends um 20.30 Uhr (ausser in den Ferien)\u00a0 in der Turnhalle der Ro\u00dfbergschule in G\u00f6nningen, um uns gemeinsam zu bewegen.<\/p>\n<p>Nach einer Aufw\u00e4rmphase bewegen und dehnen wir unsere vielf\u00e4ltigen Muskelgruppen, um unsere Beweglichkeit zu erhalten und vielleicht noch ein wenig zu verbessern. In der Regel folgt dann ein Zirkeltraining, bei dem an verschiedenen Stationen abwechselnd Rumpf-, Arm-, Bein- und sonstige Muskulatur sowie die Kraft-Ausdauer im Takt von Musik trainiert werden.<\/p>\n<p>Unser Motto:<br \/>\nBewegen, Spass und gemeinsames Austoben kommt vor Leistungsdenken und Verbissenheit.<\/p>\n","protected":false},"excerpt":{"rendered":"<p>\u00a0 Aktivit\u00e4ten \u00a0\u00a0 Team \u00a0\u00a0 Galerie\u00a0\u00a0\u00a0 Links Wir treffen uns Dienstag abends um 20.30 Uhr (ausser in den Ferien)\u00a0 in der Turnhalle der Ro\u00dfbergschule in G\u00f6nningen, um uns gemeinsam zu bewegen. Nach einer Aufw\u00e4rmphase bewegen und dehnen wir unsere vielf\u00e4ltigen Muskelgruppen, um unsere Beweglichkeit zu erhalten und vielleicht noch ein wenig zu verbessern. In der &hellip; <a href=\"http:\/\/www.wolpertingersfc.de\/?page_id=1321\" class=\"more-link\"><span class=\"screen-reader-text\">Allgemeinsport &#8211; Aktivit\u00e4ten<\/span> weiterlesen<\/a><\/p>\n","protected":false},"author":1,"featured_media":0,"parent":76,"menu_order":0,"comment_status":"closed","ping_status":"closed","template":"","meta":{"jetpack_post_was_ever_published":false,"_mc_calendar":[],"footnotes":""},"class_list":["post-1321","page","type-page","status-publish","hentry"],"jetpack_sharing_enabled":true,"jetpack_shortlink":"https:\/\/wp.me\/P8FTYK-lj","jetpack-related-posts":[{"id":3304,"url":"http:\/\/www.wolpertingersfc.de\/?page_id=3304","url_meta":{"origin":1321,"position":0},"title":"Yoga","author":"Wolpertingersfc","date":"10. Februar 2020","format":false,"excerpt":"Aktivit\u00e4ten Team Ansprechpartnerin: B\u00e4rbel Randecker Abteilungsleiterin E-Mail: Baerbel.Randecker(at)wolpertingersfc.de \u00a0 Yoga ist ein \u00dcbungsweg, um K\u00f6rper, Atem, Seele & Geist so zu beeinflussen, dass sie harmonisch aufeinander einwirken. Die \u00dcbungen schaffen einen Ausgleich zu den Belastungen des Alltags. Sie st\u00e4rken den K\u00f6rper, die Atemkraft und unsere F\u00e4higkeit, den Herausforderungen des Lebens\u2026","rel":"","context":"\u00c4hnlicher Beitrag","block_context":{"text":"\u00c4hnlicher Beitrag","link":""},"img":{"alt_text":"","src":"https:\/\/i0.wp.com\/www.wolpertingersfc.de\/wp-content\/uploads\/2020\/02\/IMG_2607-1130x755-e1581852420125.jpg?resize=350%2C200","width":350,"height":200,"srcset":"https:\/\/i0.wp.com\/www.wolpertingersfc.de\/wp-content\/uploads\/2020\/02\/IMG_2607-1130x755-e1581852420125.jpg?resize=350%2C200 1x, https:\/\/i0.wp.com\/www.wolpertingersfc.de\/wp-content\/uploads\/2020\/02\/IMG_2607-1130x755-e1581852420125.jpg?resize=525%2C300 1.5x, https:\/\/i0.wp.com\/www.wolpertingersfc.de\/wp-content\/uploads\/2020\/02\/IMG_2607-1130x755-e1581852420125.jpg?resize=700%2C400 2x, https:\/\/i0.wp.com\/www.wolpertingersfc.de\/wp-content\/uploads\/2020\/02\/IMG_2607-1130x755-e1581852420125.jpg?resize=1050%2C600 3x"},"classes":[]},{"id":167,"url":"http:\/\/www.wolpertingersfc.de\/?page_id=167","url_meta":{"origin":1321,"position":1},"title":"Tauchen &#8211; Aktivit\u00e4ten","author":"Wolpertingersfc","date":"24. April 2017","format":false,"excerpt":"Aktivit\u00e4ten\u00a0\u00a0\u00a0\u00a0 Team\u00a0\u00a0\u00a0\u00a0 Galerie\u00a0\u00a0\u00a0\u00a0 Links Training W\u00e4hrend der Freibadsaison findet das w\u00f6chentliche Training samstags von 8.50 Uhr bis 10.30 Uhr im Freibad Markwasen statt. Das Sprungbecken hat ein Tiefe von knapp 5m und eine L\u00e4nge von 25m, ist also ideal zum Ger\u00e4tetauchen oder f\u00fcr Apnoe-\u00dcbungen geeignet. Von Mitte September bis Ende\u2026","rel":"","context":"\u00c4hnlicher Beitrag","block_context":{"text":"\u00c4hnlicher Beitrag","link":""},"img":{"alt_text":"","src":"https:\/\/i0.wp.com\/www.wolpertingersfc.de\/wp-content\/uploads\/2017\/08\/Aktivit%C3%A4t-20170719_080125-e1501785106321.jpg?resize=350%2C200","width":350,"height":200},"classes":[]},{"id":1131,"url":"http:\/\/www.wolpertingersfc.de\/?page_id=1131","url_meta":{"origin":1321,"position":2},"title":"Klettern &#8211; Aktivit\u00e4ten","author":"Wolpertingersfc","date":"4. Juli 2017","format":false,"excerpt":"Aktivit\u00e4ten\u00a0\u00a0\u00a0 Galerie\u00a0\u00a0\u00a0 Links Kletternde Wolpertinger findet man in G\u00f6nningen an dem ehemaligen Trafoturm, im Garten des G\u00f6nninger Rosmarinkindergartens (Zugang von der Stra\u00dfe \u201eAuf der Ay\u201c). Dienstags ab 17.00 Uhr findet in den Sommermonaten, d.h. von Ostern bis Oktober (au\u00dfer in den Schulferien) das Klettertraining statt. Der Anf\u00e4ngerkurs beginnt um 17.00\u2026","rel":"","context":"\u00c4hnlicher Beitrag","block_context":{"text":"\u00c4hnlicher Beitrag","link":""},"img":{"alt_text":"","src":"https:\/\/i0.wp.com\/www.wolpertingersfc.de\/wp-content\/uploads\/2017\/07\/Kletterturm_Westansicht_mit_Routen-750x1000.jpg?resize=350%2C200","width":350,"height":200,"srcset":"https:\/\/i0.wp.com\/www.wolpertingersfc.de\/wp-content\/uploads\/2017\/07\/Kletterturm_Westansicht_mit_Routen-750x1000.jpg?resize=350%2C200 1x, https:\/\/i0.wp.com\/www.wolpertingersfc.de\/wp-content\/uploads\/2017\/07\/Kletterturm_Westansicht_mit_Routen-750x1000.jpg?resize=525%2C300 1.5x, https:\/\/i0.wp.com\/www.wolpertingersfc.de\/wp-content\/uploads\/2017\/07\/Kletterturm_Westansicht_mit_Routen-750x1000.jpg?resize=700%2C400 2x"},"classes":[]},{"id":76,"url":"http:\/\/www.wolpertingersfc.de\/?page_id=76","url_meta":{"origin":1321,"position":3},"title":"Allgemeinsport","author":"Wolpertingersfc","date":"22. April 2017","format":false,"excerpt":"\u00a0 Aktivit\u00e4ten \u00a0\u00a0 Team \u00a0\u00a0 Galerie \u00a0\u00a0 Links Ansprechpartner: Klaus-Dieter Modrow Abteilungsleiter E-Mail: klaus-dieter.modrow(at)wolpertingersfc.de Fitness, Beweglichkeit, Spa\u00df und Gesundheit tragen wesentlich zu unserer Lebensqualit\u00e4t bei. Wer fit und beweglich ist, hat mehr Spa\u00df an vielen Aktivit\u00e4ten wie Fahrradfahren, Klettern und anderen Sportarten. Deshalb treffen wir uns w\u00f6chentlich zum gemeinsamen Bewegen\u2026","rel":"","context":"\u00c4hnlicher Beitrag","block_context":{"text":"\u00c4hnlicher Beitrag","link":""},"img":{"alt_text":"","src":"https:\/\/i0.wp.com\/www.wolpertingersfc.de\/wp-content\/uploads\/2017\/04\/DSC00579-1188x261.jpg?resize=350%2C200","width":350,"height":200,"srcset":"https:\/\/i0.wp.com\/www.wolpertingersfc.de\/wp-content\/uploads\/2017\/04\/DSC00579-1188x261.jpg?resize=350%2C200 1x, https:\/\/i0.wp.com\/www.wolpertingersfc.de\/wp-content\/uploads\/2017\/04\/DSC00579-1188x261.jpg?resize=525%2C300 1.5x, https:\/\/i0.wp.com\/www.wolpertingersfc.de\/wp-content\/uploads\/2017\/04\/DSC00579-1188x261.jpg?resize=700%2C400 2x, https:\/\/i0.wp.com\/www.wolpertingersfc.de\/wp-content\/uploads\/2017\/04\/DSC00579-1188x261.jpg?resize=1050%2C600 3x"},"classes":[]},{"id":50,"url":"http:\/\/www.wolpertingersfc.de\/?page_id=50","url_meta":{"origin":1321,"position":4},"title":"Tauchen","author":"Wolpertingersfc","date":"22. April 2017","format":false,"excerpt":"Aktivit\u00e4ten\u00a0\u00a0\u00a0 Team\u00a0\u00a0\u00a0 Galerie \u00a0\u00a0 Links Ansprechpartner: Hartmut Hauser Abteilungsleiter E-Mail: hartmut.hauser(at)wolpertingersfc.de Unsere Tauchabteilung besteht aus ca. 50 Tauchern, vorwiegend aus dem Raum Reutlingen \/ M\u00f6ssingen \/ T\u00fcbingen und wir haben ganzj\u00e4hrig eine Trainingsm\u00f6glichkeit in einem Bad. Wir sind in unserem Bundesverband Verband Deutscher Sporttaucher (VDST) organisiert (www.vdst.de). Innerhalb des Bundesverbandes\u2026","rel":"","context":"\u00c4hnlicher Beitrag","block_context":{"text":"\u00c4hnlicher Beitrag","link":""},"img":{"alt_text":"","src":"https:\/\/i0.wp.com\/www.wolpertingersfc.de\/wp-content\/uploads\/2017\/04\/Hai-e1501664164574.jpg?resize=350%2C200","width":350,"height":200,"srcset":"https:\/\/i0.wp.com\/www.wolpertingersfc.de\/wp-content\/uploads\/2017\/04\/Hai-e1501664164574.jpg?resize=350%2C200 1x, https:\/\/i0.wp.com\/www.wolpertingersfc.de\/wp-content\/uploads\/2017\/04\/Hai-e1501664164574.jpg?resize=525%2C300 1.5x, https:\/\/i0.wp.com\/www.wolpertingersfc.de\/wp-content\/uploads\/2017\/04\/Hai-e1501664164574.jpg?resize=700%2C400 2x, https:\/\/i0.wp.com\/www.wolpertingersfc.de\/wp-content\/uploads\/2017\/04\/Hai-e1501664164574.jpg?resize=1050%2C600 3x"},"classes":[]},{"id":51,"url":"http:\/\/www.wolpertingersfc.de\/?page_id=51","url_meta":{"origin":1321,"position":5},"title":"\u00dcber uns","author":"Wolpertingersfc","date":"22. April 2017","format":false,"excerpt":"Aktivit\u00e4ten \u00a0\u00a0 Vorstand und Team\u00a0\u00a0\u00a0 Mitglied werden\u00a0\u00a0\u00a0 Vereinsinventar Wir sind ein Sport- und Freizeitclub in G\u00f6nningen f\u00fcr Leute, bei denen der Spa\u00df an der Bewegung und das gemeinsame Erleben im Vordergrund stehen. Der Sport- und Freizeitclub lebt vom Mitmachen und wir freuen uns \u00fcber alle, die sich gerne aktiv in\u2026","rel":"","context":"\u00c4hnlicher Beitrag","block_context":{"text":"\u00c4hnlicher Beitrag","link":""},"img":{"alt_text":"","src":"","width":0,"height":0},"classes":[]}],"_links":{"self":[{"href":"http:\/\/www.wolpertingersfc.de\/index.php?rest_route=\/wp\/v2\/pages\/1321","targetHints":{"allow":["GET"]}}],"collection":[{"href":"http:\/\/www.wolpertingersfc.de\/index.php?rest_route=\/wp\/v2\/pages"}],"about":[{"href":"http:\/\/www.wolpertingersfc.de\/index.php?rest_route=\/wp\/v2\/types\/page"}],"author":[{"embeddable":true,"href":"http:\/\/www.wolpertingersfc.de\/index.php?rest_route=\/wp\/v2\/users\/1"}],"replies":[{"embeddable":true,"href":"http:\/\/www.wolpertingersfc.de\/index.php?rest_route=%2Fwp%2Fv2%2Fcomments&post=1321"}],"version-history":[{"count":13,"href":"http:\/\/www.wolpertingersfc.de\/index.php?rest_route=\/wp\/v2\/pages\/1321\/revisions"}],"predecessor-version":[{"id":2197,"href":"http:\/\/www.wolpertingersfc.de\/index.php?rest_route=\/wp\/v2\/pages\/1321\/revisions\/2197"}],"up":[{"embeddable":true,"href":"http:\/\/www.wolpertingersfc.de\/index.php?rest_route=\/wp\/v2\/pages\/76"}],"wp:attachment":[{"href":"http:\/\/www.wolpertingersfc.de\/index.php?rest_route=%2Fwp%2Fv2%2Fmedia&parent=1321"}],"curies":[{"name":"wp","href":"https:\/\/api.w.org\/{rel}","templated":true}]}}