{"id":1135,"date":"2017-07-04T21:51:12","date_gmt":"2017-07-04T19:51:12","guid":{"rendered":"http:\/\/www.wolpertingersfc.de\/?page_id=1135"},"modified":"2019-07-21T21:31:04","modified_gmt":"2019-07-21T19:31:04","slug":"klettern-galerie","status":"publish","type":"page","link":"http:\/\/www.wolpertingersfc.de\/?page_id=1135","title":{"rendered":"Klettern &#8211; Galerie"},"content":{"rendered":"<table width=\"100%\">\n<tbody>\n<tr>\n<td><img data-recalc-dims=\"1\" loading=\"lazy\" decoding=\"async\" data-attachment-id=\"1899\" data-permalink=\"http:\/\/www.wolpertingersfc.de\/?attachment_id=1899\" data-orig-file=\"https:\/\/i0.wp.com\/www.wolpertingersfc.de\/wp-content\/uploads\/2017\/04\/Titelbild_Klettern-e1509301500233.jpg?fit=1276%2C226\" data-orig-size=\"1276,226\" data-comments-opened=\"1\" data-image-meta=\"{&quot;aperture&quot;:&quot;0&quot;,&quot;credit&quot;:&quot;&quot;,&quot;camera&quot;:&quot;&quot;,&quot;caption&quot;:&quot;&quot;,&quot;created_timestamp&quot;:&quot;0&quot;,&quot;copyright&quot;:&quot;&quot;,&quot;focal_length&quot;:&quot;0&quot;,&quot;iso&quot;:&quot;0&quot;,&quot;shutter_speed&quot;:&quot;0&quot;,&quot;title&quot;:&quot;&quot;,&quot;orientation&quot;:&quot;0&quot;}\" data-image-title=\"Titelbild_Klettern\" data-image-description=\"\" data-image-caption=\"\" data-medium-file=\"https:\/\/i0.wp.com\/www.wolpertingersfc.de\/wp-content\/uploads\/2017\/04\/Titelbild_Klettern-e1509301500233.jpg?fit=300%2C53\" data-large-file=\"https:\/\/i0.wp.com\/www.wolpertingersfc.de\/wp-content\/uploads\/2017\/04\/Titelbild_Klettern-e1509301500233.jpg?fit=863%2C153\" class=\"alignnone wp-image-1899\" src=\"https:\/\/i0.wp.com\/www.wolpertingersfc.de\/wp-content\/uploads\/2017\/04\/Titelbild_Klettern-e1509301500233.jpg?resize=863%2C153\" alt=\"\" width=\"863\" height=\"153\" srcset=\"https:\/\/i0.wp.com\/www.wolpertingersfc.de\/wp-content\/uploads\/2017\/04\/Titelbild_Klettern-e1509301500233.jpg?w=1276 1276w, https:\/\/i0.wp.com\/www.wolpertingersfc.de\/wp-content\/uploads\/2017\/04\/Titelbild_Klettern-e1509301500233.jpg?resize=300%2C53 300w, https:\/\/i0.wp.com\/www.wolpertingersfc.de\/wp-content\/uploads\/2017\/04\/Titelbild_Klettern-e1509301500233.jpg?resize=768%2C136 768w, https:\/\/i0.wp.com\/www.wolpertingersfc.de\/wp-content\/uploads\/2017\/04\/Titelbild_Klettern-e1509301500233.jpg?resize=1024%2C181 1024w, https:\/\/i0.wp.com\/www.wolpertingersfc.de\/wp-content\/uploads\/2017\/04\/Titelbild_Klettern-e1509301500233.jpg?resize=863%2C153 863w, https:\/\/i0.wp.com\/www.wolpertingersfc.de\/wp-content\/uploads\/2017\/04\/Titelbild_Klettern-e1509301500233.jpg?resize=480%2C85 480w\" sizes=\"auto, (max-width: 863px) 100vw, 863px\" \/><\/td>\n<\/tr>\n<\/tbody>\n<\/table>\n<p><a href=\"http:\/\/www.wolpertingersfc.de\/?page_id=1131\">Aktivit\u00e4ten<\/a>\u00a0\u00a0\u00a0 <a href=\"http:\/\/www.wolpertingersfc.de\/?page_id=1135\">Galerie<\/a>\u00a0\u00a0\u00a0 <a href=\"http:\/\/www.wolpertingersfc.de\/?page_id=1137\">Links<\/a><\/p>\n<p><img data-recalc-dims=\"1\" loading=\"lazy\" decoding=\"async\" data-attachment-id=\"1048\" data-permalink=\"http:\/\/www.wolpertingersfc.de\/?attachment_id=1048\" data-orig-file=\"https:\/\/i0.wp.com\/www.wolpertingersfc.de\/wp-content\/uploads\/2017\/04\/Kletterdinger.gif?fit=235%2C360\" data-orig-size=\"235,360\" data-comments-opened=\"1\" data-image-meta=\"{&quot;aperture&quot;:&quot;0&quot;,&quot;credit&quot;:&quot;&quot;,&quot;camera&quot;:&quot;&quot;,&quot;caption&quot;:&quot;&quot;,&quot;created_timestamp&quot;:&quot;0&quot;,&quot;copyright&quot;:&quot;&quot;,&quot;focal_length&quot;:&quot;0&quot;,&quot;iso&quot;:&quot;0&quot;,&quot;shutter_speed&quot;:&quot;0&quot;,&quot;title&quot;:&quot;&quot;,&quot;orientation&quot;:&quot;0&quot;}\" data-image-title=\"Kletterdinger\" data-image-description=\"\" data-image-caption=\"\" data-medium-file=\"https:\/\/i0.wp.com\/www.wolpertingersfc.de\/wp-content\/uploads\/2017\/04\/Kletterdinger.gif?fit=196%2C300\" data-large-file=\"https:\/\/i0.wp.com\/www.wolpertingersfc.de\/wp-content\/uploads\/2017\/04\/Kletterdinger.gif?fit=235%2C360\" class=\"alignnone wp-image-1048\" src=\"https:\/\/i0.wp.com\/www.wolpertingersfc.de\/wp-content\/uploads\/2017\/04\/Kletterdinger.gif?resize=100%2C153\" alt=\"\" width=\"100\" height=\"153\" srcset=\"https:\/\/i0.wp.com\/www.wolpertingersfc.de\/wp-content\/uploads\/2017\/04\/Kletterdinger.gif?resize=71%2C108 71w, https:\/\/i0.wp.com\/www.wolpertingersfc.de\/wp-content\/uploads\/2017\/04\/Kletterdinger.gif?resize=196%2C300 196w\" sizes=\"auto, (max-width: 100px) 100vw, 100px\" \/><\/p>\n<table width=\"100%\">\n<tbody>\n<tr>\n<td valign=\"bottom\" width=\"33%\">\u00a0<a href=\" http:\/\/www.wolpertingersfc.de\/?page_id=3043\" target=\"_blank\" rel=\"noopener noreferrer\"><img data-recalc-dims=\"1\" loading=\"lazy\" decoding=\"async\" data-attachment-id=\"2999\" data-permalink=\"http:\/\/www.wolpertingersfc.de\/?attachment_id=2999\" data-orig-file=\"https:\/\/i0.wp.com\/www.wolpertingersfc.de\/wp-content\/uploads\/2019\/07\/P1070283-768x1024.jpg?fit=768%2C1024\" data-orig-size=\"768,1024\" data-comments-opened=\"1\" data-image-meta=\"{&quot;aperture&quot;:&quot;3.8&quot;,&quot;credit&quot;:&quot;&quot;,&quot;camera&quot;:&quot;DMC-TZ61&quot;,&quot;caption&quot;:&quot;&quot;,&quot;created_timestamp&quot;:&quot;1563101042&quot;,&quot;copyright&quot;:&quot;&quot;,&quot;focal_length&quot;:&quot;7.2&quot;,&quot;iso&quot;:&quot;100&quot;,&quot;shutter_speed&quot;:&quot;0.001&quot;,&quot;title&quot;:&quot;&quot;,&quot;orientation&quot;:&quot;1&quot;}\" data-image-title=\"P1070283 (768&amp;#215;1024)\" data-image-description=\"\" data-image-caption=\"\" data-medium-file=\"https:\/\/i0.wp.com\/www.wolpertingersfc.de\/wp-content\/uploads\/2019\/07\/P1070283-768x1024.jpg?fit=225%2C300\" data-large-file=\"https:\/\/i0.wp.com\/www.wolpertingersfc.de\/wp-content\/uploads\/2019\/07\/P1070283-768x1024.jpg?fit=768%2C1024\" class=\"alignnone wp-image-2999\" src=\"https:\/\/i0.wp.com\/www.wolpertingersfc.de\/wp-content\/uploads\/2019\/07\/P1070283-768x1024.jpg?resize=240%2C320\" alt=\"\" width=\"240\" height=\"320\" srcset=\"https:\/\/i0.wp.com\/www.wolpertingersfc.de\/wp-content\/uploads\/2019\/07\/P1070283-768x1024.jpg?resize=768%2C1024 768w, https:\/\/i0.wp.com\/www.wolpertingersfc.de\/wp-content\/uploads\/2019\/07\/P1070283-768x1024.jpg?resize=225%2C300 225w, https:\/\/i0.wp.com\/www.wolpertingersfc.de\/wp-content\/uploads\/2019\/07\/P1070283-768x1024.jpg?resize=81%2C108 81w\" sizes=\"auto, (max-width: 240px) 100vw, 240px\" \/><\/a><\/td>\n<td valign=\"bottom\" width=\"33%\">\u00a0<a href=\"http:\/\/www.wolpertingersfc.de\/?page_id=2391\" target=\"_blank\" rel=\"noopener noreferrer\"><img data-recalc-dims=\"1\" loading=\"lazy\" decoding=\"async\" data-attachment-id=\"2353\" data-permalink=\"http:\/\/www.wolpertingersfc.de\/?attachment_id=2353\" data-orig-file=\"https:\/\/i0.wp.com\/www.wolpertingersfc.de\/wp-content\/uploads\/2018\/05\/P1060140-1280x721-e1525552392456.jpg?fit=720%2C960\" data-orig-size=\"720,960\" data-comments-opened=\"1\" data-image-meta=\"{&quot;aperture&quot;:&quot;4&quot;,&quot;credit&quot;:&quot;&quot;,&quot;camera&quot;:&quot;DMC-TZ22&quot;,&quot;caption&quot;:&quot;&quot;,&quot;created_timestamp&quot;:&quot;1525521994&quot;,&quot;copyright&quot;:&quot;&quot;,&quot;focal_length&quot;:&quot;4.3&quot;,&quot;iso&quot;:&quot;100&quot;,&quot;shutter_speed&quot;:&quot;0.004&quot;,&quot;title&quot;:&quot;&quot;,&quot;orientation&quot;:&quot;1&quot;}\" data-image-title=\"P1060140 (1280&amp;#215;721)\" data-image-description=\"\" data-image-caption=\"\" data-medium-file=\"https:\/\/i0.wp.com\/www.wolpertingersfc.de\/wp-content\/uploads\/2018\/05\/P1060140-1280x721-e1525552392456.jpg?fit=225%2C300\" data-large-file=\"https:\/\/i0.wp.com\/www.wolpertingersfc.de\/wp-content\/uploads\/2018\/05\/P1060140-1280x721-e1525552392456.jpg?fit=577%2C1024\" class=\"alignnone wp-image-2353\" src=\"https:\/\/i0.wp.com\/www.wolpertingersfc.de\/wp-content\/uploads\/2018\/05\/P1060140-1280x721-e1525552392456.jpg?resize=240%2C320\" alt=\"\" width=\"240\" height=\"320\" srcset=\"https:\/\/i0.wp.com\/www.wolpertingersfc.de\/wp-content\/uploads\/2018\/05\/P1060140-1280x721-e1525552392456.jpg?w=720 720w, https:\/\/i0.wp.com\/www.wolpertingersfc.de\/wp-content\/uploads\/2018\/05\/P1060140-1280x721-e1525552392456.jpg?resize=225%2C300 225w, https:\/\/i0.wp.com\/www.wolpertingersfc.de\/wp-content\/uploads\/2018\/05\/P1060140-1280x721-e1525552392456.jpg?resize=81%2C108 81w\" sizes=\"auto, (max-width: 240px) 100vw, 240px\" \/><\/a><\/td>\n<td valign=\"bottom\" width=\"33%\">\u00a0<a href=\"http:\/\/www.wolpertingersfc.de\/?page_id=1935\" target=\"_blank\" rel=\"noopener noreferrer\"><img data-recalc-dims=\"1\" loading=\"lazy\" decoding=\"async\" data-attachment-id=\"2104\" data-permalink=\"http:\/\/www.wolpertingersfc.de\/?attachment_id=2104\" data-orig-file=\"https:\/\/i0.wp.com\/www.wolpertingersfc.de\/wp-content\/uploads\/2017\/11\/P1070735-1000x750.jpg?fit=750%2C1000\" data-orig-size=\"750,1000\" data-comments-opened=\"1\" data-image-meta=\"{&quot;aperture&quot;:&quot;4&quot;,&quot;credit&quot;:&quot;&quot;,&quot;camera&quot;:&quot;DMC-TZ10&quot;,&quot;caption&quot;:&quot;&quot;,&quot;created_timestamp&quot;:&quot;0&quot;,&quot;copyright&quot;:&quot;&quot;,&quot;focal_length&quot;:&quot;4.1&quot;,&quot;iso&quot;:&quot;80&quot;,&quot;shutter_speed&quot;:&quot;0.005&quot;,&quot;title&quot;:&quot;&quot;,&quot;orientation&quot;:&quot;1&quot;}\" data-image-title=\"P1070735 (1000&amp;#215;750)\" data-image-description=\"\" data-image-caption=\"\" data-medium-file=\"https:\/\/i0.wp.com\/www.wolpertingersfc.de\/wp-content\/uploads\/2017\/11\/P1070735-1000x750.jpg?fit=225%2C300\" data-large-file=\"https:\/\/i0.wp.com\/www.wolpertingersfc.de\/wp-content\/uploads\/2017\/11\/P1070735-1000x750.jpg?fit=750%2C1000\" class=\"alignnone wp-image-2104\" src=\"https:\/\/i0.wp.com\/www.wolpertingersfc.de\/wp-content\/uploads\/2017\/11\/P1070735-1000x750.jpg?resize=240%2C320\" alt=\"\" width=\"240\" height=\"320\" srcset=\"https:\/\/i0.wp.com\/www.wolpertingersfc.de\/wp-content\/uploads\/2017\/11\/P1070735-1000x750.jpg?w=750 750w, https:\/\/i0.wp.com\/www.wolpertingersfc.de\/wp-content\/uploads\/2017\/11\/P1070735-1000x750.jpg?resize=225%2C300 225w, https:\/\/i0.wp.com\/www.wolpertingersfc.de\/wp-content\/uploads\/2017\/11\/P1070735-1000x750.jpg?resize=81%2C108 81w\" sizes=\"auto, (max-width: 240px) 100vw, 240px\" \/><\/a><\/td>\n<\/tr>\n<tr>\n<td width=\"33%\"><a href=\"http:\/\/www.wolpertingersfc.de\/?page_id=3043\" target=\"_blank\" rel=\"noopener noreferrer\">Klettern im Donautal 2019<\/a><\/td>\n<td width=\"33%\">\u00a0<a href=\"http:\/\/www.wolpertingersfc.de\/?page_id=2391\" target=\"_blank\" rel=\"noopener noreferrer\">Einweihung Erweiterung<br \/>\n5. Mai 2018<\/a><\/td>\n<td width=\"33%\"><a href=\"http:\/\/www.wolpertingersfc.de\/?page_id=1935\" target=\"_blank\" rel=\"noopener noreferrer\">\u00a0Erweiterung Kletterwand 2017<\/a><\/td>\n<\/tr>\n<tr>\n<td width=\"33%\"><a href=\"http:\/\/www.wolpertingersfc.de\/?page_id=1822\" target=\"_blank\" rel=\"noopener noreferrer\"><img data-recalc-dims=\"1\" loading=\"lazy\" decoding=\"async\" data-attachment-id=\"1832\" data-permalink=\"http:\/\/www.wolpertingersfc.de\/?attachment_id=1832\" data-orig-file=\"https:\/\/i0.wp.com\/www.wolpertingersfc.de\/wp-content\/uploads\/2017\/10\/PICT0218.jpg?fit=375%2C500\" data-orig-size=\"375,500\" data-comments-opened=\"1\" data-image-meta=\"{&quot;aperture&quot;:&quot;6.7&quot;,&quot;credit&quot;:&quot;&quot;,&quot;camera&quot;:&quot;5MP-9A3&quot;,&quot;caption&quot;:&quot;Digital StillCamera&quot;,&quot;created_timestamp&quot;:&quot;1177175529&quot;,&quot;copyright&quot;:&quot;&quot;,&quot;focal_length&quot;:&quot;0&quot;,&quot;iso&quot;:&quot;100&quot;,&quot;shutter_speed&quot;:&quot;0.003125&quot;,&quot;title&quot;:&quot;Digital StillCamera&quot;,&quot;orientation&quot;:&quot;0&quot;}\" data-image-title=\"Digital StillCamera\" data-image-description=\"\" data-image-caption=\"\" data-medium-file=\"https:\/\/i0.wp.com\/www.wolpertingersfc.de\/wp-content\/uploads\/2017\/10\/PICT0218.jpg?fit=225%2C300\" data-large-file=\"https:\/\/i0.wp.com\/www.wolpertingersfc.de\/wp-content\/uploads\/2017\/10\/PICT0218.jpg?fit=375%2C500\" class=\"alignnone wp-image-1832\" src=\"https:\/\/i0.wp.com\/www.wolpertingersfc.de\/wp-content\/uploads\/2017\/10\/PICT0218.jpg?resize=240%2C320\" alt=\"\" width=\"240\" height=\"320\" srcset=\"https:\/\/i0.wp.com\/www.wolpertingersfc.de\/wp-content\/uploads\/2017\/10\/PICT0218.jpg?w=375 375w, https:\/\/i0.wp.com\/www.wolpertingersfc.de\/wp-content\/uploads\/2017\/10\/PICT0218.jpg?resize=225%2C300 225w, https:\/\/i0.wp.com\/www.wolpertingersfc.de\/wp-content\/uploads\/2017\/10\/PICT0218.jpg?resize=81%2C108 81w\" sizes=\"auto, (max-width: 240px) 100vw, 240px\" \/><\/a><\/td>\n<td width=\"33%\">\u00a0<a href=\"http:\/\/www.wolpertingersfc.de\/?page_id=1852\" target=\"_blank\" rel=\"noopener noreferrer\"><img data-recalc-dims=\"1\" loading=\"lazy\" decoding=\"async\" data-attachment-id=\"1882\" data-permalink=\"http:\/\/www.wolpertingersfc.de\/?attachment_id=1882\" data-orig-file=\"https:\/\/i0.wp.com\/www.wolpertingersfc.de\/wp-content\/uploads\/2017\/10\/P1130872-480x848-e1509299738642.jpg?fit=479%2C640\" data-orig-size=\"479,640\" data-comments-opened=\"1\" data-image-meta=\"{&quot;aperture&quot;:&quot;11&quot;,&quot;credit&quot;:&quot;&quot;,&quot;camera&quot;:&quot;DMC-TZ6&quot;,&quot;caption&quot;:&quot;&quot;,&quot;created_timestamp&quot;:&quot;1406903286&quot;,&quot;copyright&quot;:&quot;&quot;,&quot;focal_length&quot;:&quot;4.1&quot;,&quot;iso&quot;:&quot;0&quot;,&quot;shutter_speed&quot;:&quot;0.0005&quot;,&quot;title&quot;:&quot;&quot;,&quot;orientation&quot;:&quot;1&quot;}\" data-image-title=\"P1130872 (480&amp;#215;848)\" data-image-description=\"\" data-image-caption=\"\" data-medium-file=\"https:\/\/i0.wp.com\/www.wolpertingersfc.de\/wp-content\/uploads\/2017\/10\/P1130872-480x848-e1509299738642.jpg?fit=225%2C300\" data-large-file=\"https:\/\/i0.wp.com\/www.wolpertingersfc.de\/wp-content\/uploads\/2017\/10\/P1130872-480x848-e1509299738642.jpg?fit=479%2C640\" class=\"alignnone wp-image-1882\" src=\"https:\/\/i0.wp.com\/www.wolpertingersfc.de\/wp-content\/uploads\/2017\/10\/P1130872-480x848-e1509299738642.jpg?resize=240%2C321\" alt=\"\" width=\"240\" height=\"321\" srcset=\"https:\/\/i0.wp.com\/www.wolpertingersfc.de\/wp-content\/uploads\/2017\/10\/P1130872-480x848-e1509299738642.jpg?w=479 479w, https:\/\/i0.wp.com\/www.wolpertingersfc.de\/wp-content\/uploads\/2017\/10\/P1130872-480x848-e1509299738642.jpg?resize=225%2C300 225w, https:\/\/i0.wp.com\/www.wolpertingersfc.de\/wp-content\/uploads\/2017\/10\/P1130872-480x848-e1509299738642.jpg?resize=81%2C108 81w\" sizes=\"auto, (max-width: 240px) 100vw, 240px\" \/><\/a><\/td>\n<td width=\"33%\"><a href=\"http:\/\/www.wolpertingersfc.de\/?page_id=1861\" target=\"_blank\" rel=\"noopener noreferrer\"><img data-recalc-dims=\"1\" loading=\"lazy\" decoding=\"async\" data-attachment-id=\"1835\" data-permalink=\"http:\/\/www.wolpertingersfc.de\/?attachment_id=1835\" data-orig-file=\"https:\/\/i0.wp.com\/www.wolpertingersfc.de\/wp-content\/uploads\/2017\/10\/PICT0892.jpg?fit=375%2C500\" data-orig-size=\"375,500\" data-comments-opened=\"1\" data-image-meta=\"{&quot;aperture&quot;:&quot;6.7&quot;,&quot;credit&quot;:&quot;&quot;,&quot;camera&quot;:&quot;5MP-9A3&quot;,&quot;caption&quot;:&quot;Digital StillCamera&quot;,&quot;created_timestamp&quot;:&quot;1180873688&quot;,&quot;copyright&quot;:&quot;&quot;,&quot;focal_length&quot;:&quot;0&quot;,&quot;iso&quot;:&quot;100&quot;,&quot;shutter_speed&quot;:&quot;0.005&quot;,&quot;title&quot;:&quot;Digital StillCamera&quot;,&quot;orientation&quot;:&quot;0&quot;}\" data-image-title=\"Digital StillCamera\" data-image-description=\"\" data-image-caption=\"\" data-medium-file=\"https:\/\/i0.wp.com\/www.wolpertingersfc.de\/wp-content\/uploads\/2017\/10\/PICT0892.jpg?fit=225%2C300\" data-large-file=\"https:\/\/i0.wp.com\/www.wolpertingersfc.de\/wp-content\/uploads\/2017\/10\/PICT0892.jpg?fit=375%2C500\" class=\"alignnone wp-image-1835\" src=\"https:\/\/i0.wp.com\/www.wolpertingersfc.de\/wp-content\/uploads\/2017\/10\/PICT0892.jpg?resize=240%2C320\" alt=\"\" width=\"240\" height=\"320\" srcset=\"https:\/\/i0.wp.com\/www.wolpertingersfc.de\/wp-content\/uploads\/2017\/10\/PICT0892.jpg?w=375 375w, https:\/\/i0.wp.com\/www.wolpertingersfc.de\/wp-content\/uploads\/2017\/10\/PICT0892.jpg?resize=225%2C300 225w, https:\/\/i0.wp.com\/www.wolpertingersfc.de\/wp-content\/uploads\/2017\/10\/PICT0892.jpg?resize=81%2C108 81w\" sizes=\"auto, (max-width: 240px) 100vw, 240px\" \/><\/a><\/td>\n<\/tr>\n<tr>\n<td width=\"33%\"><a href=\"http:\/\/www.wolpertingersfc.de\/?page_id=1822\" target=\"_blank\" rel=\"noopener noreferrer\">Bau Kletterwand 2007<\/a><\/td>\n<td width=\"33%\">\u00a0<a href=\"http:\/\/www.wolpertingersfc.de\/?page_id=1852\" target=\"_blank\" rel=\"noopener noreferrer\"> Klettern am Fels<\/a><\/td>\n<td width=\"33%\"><a href=\"http:\/\/www.wolpertingersfc.de\/?page_id=1861\" target=\"_blank\" rel=\"noopener noreferrer\"> an der Kletterwand<\/a><\/td>\n<\/tr>\n<tr>\n<td width=\"33%\"><\/td>\n<td width=\"33%\"><\/td>\n<td width=\"33%\"><\/td>\n<\/tr>\n<tr>\n<td width=\"33%\"><\/td>\n<td width=\"33%\"><\/td>\n<td width=\"33%\"><\/td>\n<\/tr>\n<\/tbody>\n<\/table>\n","protected":false},"excerpt":{"rendered":"<p>Aktivit\u00e4ten\u00a0\u00a0\u00a0 Galerie\u00a0\u00a0\u00a0 Links \u00a0 \u00a0 \u00a0 Klettern im Donautal 2019 \u00a0Einweihung Erweiterung 5. Mai 2018 \u00a0Erweiterung Kletterwand 2017 \u00a0 Bau Kletterwand 2007 \u00a0 Klettern am Fels an der Kletterwand<\/p>\n","protected":false},"author":1,"featured_media":0,"parent":101,"menu_order":0,"comment_status":"closed","ping_status":"closed","template":"","meta":{"jetpack_post_was_ever_published":false,"_mc_calendar":[],"footnotes":""},"class_list":["post-1135","page","type-page","status-publish","hentry"],"jetpack_sharing_enabled":true,"jetpack_shortlink":"https:\/\/wp.me\/P8FTYK-ij","jetpack-related-posts":[{"id":1137,"url":"http:\/\/www.wolpertingersfc.de\/?page_id=1137","url_meta":{"origin":1135,"position":0},"title":"Klettern &#8211; Links","author":"Wolpertingersfc","date":"4. Juli 2017","format":false,"excerpt":"Aktivit\u00e4ten\u00a0\u00a0\u00a0 Galerie\u00a0\u00a0\u00a0 Links DAV-Felsinfo - Internetportal f\u00fcr Deutschlands Kletterfelsen","rel":"","context":"\u00c4hnlicher Beitrag","block_context":{"text":"\u00c4hnlicher Beitrag","link":""},"img":{"alt_text":"","src":"https:\/\/i0.wp.com\/www.wolpertingersfc.de\/wp-content\/uploads\/2017\/04\/Titelbild_Klettern-e1509301500233.jpg?resize=350%2C200","width":350,"height":200,"srcset":"https:\/\/i0.wp.com\/www.wolpertingersfc.de\/wp-content\/uploads\/2017\/04\/Titelbild_Klettern-e1509301500233.jpg?resize=350%2C200 1x, https:\/\/i0.wp.com\/www.wolpertingersfc.de\/wp-content\/uploads\/2017\/04\/Titelbild_Klettern-e1509301500233.jpg?resize=525%2C300 1.5x, https:\/\/i0.wp.com\/www.wolpertingersfc.de\/wp-content\/uploads\/2017\/04\/Titelbild_Klettern-e1509301500233.jpg?resize=700%2C400 2x, https:\/\/i0.wp.com\/www.wolpertingersfc.de\/wp-content\/uploads\/2017\/04\/Titelbild_Klettern-e1509301500233.jpg?resize=1050%2C600 3x"},"classes":[]},{"id":76,"url":"http:\/\/www.wolpertingersfc.de\/?page_id=76","url_meta":{"origin":1135,"position":1},"title":"Allgemeinsport","author":"Wolpertingersfc","date":"22. April 2017","format":false,"excerpt":"\u00a0 Aktivit\u00e4ten \u00a0\u00a0 Team \u00a0\u00a0 Galerie \u00a0\u00a0 Links Ansprechpartner: Klaus-Dieter Modrow Abteilungsleiter E-Mail: klaus-dieter.modrow(at)wolpertingersfc.de Fitness, Beweglichkeit, Spa\u00df und Gesundheit tragen wesentlich zu unserer Lebensqualit\u00e4t bei. Wer fit und beweglich ist, hat mehr Spa\u00df an vielen Aktivit\u00e4ten wie Fahrradfahren, Klettern und anderen Sportarten. Deshalb treffen wir uns w\u00f6chentlich zum gemeinsamen Bewegen\u2026","rel":"","context":"\u00c4hnlicher Beitrag","block_context":{"text":"\u00c4hnlicher Beitrag","link":""},"img":{"alt_text":"","src":"https:\/\/i0.wp.com\/www.wolpertingersfc.de\/wp-content\/uploads\/2017\/04\/DSC00579-1188x261.jpg?resize=350%2C200","width":350,"height":200,"srcset":"https:\/\/i0.wp.com\/www.wolpertingersfc.de\/wp-content\/uploads\/2017\/04\/DSC00579-1188x261.jpg?resize=350%2C200 1x, https:\/\/i0.wp.com\/www.wolpertingersfc.de\/wp-content\/uploads\/2017\/04\/DSC00579-1188x261.jpg?resize=525%2C300 1.5x, https:\/\/i0.wp.com\/www.wolpertingersfc.de\/wp-content\/uploads\/2017\/04\/DSC00579-1188x261.jpg?resize=700%2C400 2x, https:\/\/i0.wp.com\/www.wolpertingersfc.de\/wp-content\/uploads\/2017\/04\/DSC00579-1188x261.jpg?resize=1050%2C600 3x"},"classes":[]},{"id":101,"url":"http:\/\/www.wolpertingersfc.de\/?page_id=101","url_meta":{"origin":1135,"position":2},"title":"Klettern","author":"Wolpertingersfc","date":"22. April 2017","format":false,"excerpt":"Aktivit\u00e4ten \u00a0 Galerie\u00a0\u00a0\u00a0 Links \u00a0 Ansprechpartner: Siegfried Stehlig Abteilungsleiter E-Mail: siegfried.stehlig(at)wolpertingersfc.de Trendsport Klettern ist mehr als nur Bewegung: Technik, K\u00f6rpergef\u00fchl, Kraft, Koordination, Konzentration, \u00dcberwindung, Verantwortung \u00fcbernehmen, Teamgeist und...Spa\u00df. All das kann man bei uns lernen und erleben. Unter fachkundiger Anleitung wird in Kursen das notwendige Know-How erlernt, selbstst\u00e4ndig zu klettern\u2026","rel":"","context":"\u00c4hnlicher Beitrag","block_context":{"text":"\u00c4hnlicher Beitrag","link":""},"img":{"alt_text":"","src":"https:\/\/i0.wp.com\/www.wolpertingersfc.de\/wp-content\/uploads\/2017\/04\/Titelbild_Klettern-e1509301500233.jpg?resize=350%2C200","width":350,"height":200,"srcset":"https:\/\/i0.wp.com\/www.wolpertingersfc.de\/wp-content\/uploads\/2017\/04\/Titelbild_Klettern-e1509301500233.jpg?resize=350%2C200 1x, https:\/\/i0.wp.com\/www.wolpertingersfc.de\/wp-content\/uploads\/2017\/04\/Titelbild_Klettern-e1509301500233.jpg?resize=525%2C300 1.5x, https:\/\/i0.wp.com\/www.wolpertingersfc.de\/wp-content\/uploads\/2017\/04\/Titelbild_Klettern-e1509301500233.jpg?resize=700%2C400 2x, https:\/\/i0.wp.com\/www.wolpertingersfc.de\/wp-content\/uploads\/2017\/04\/Titelbild_Klettern-e1509301500233.jpg?resize=1050%2C600 3x"},"classes":[]},{"id":1131,"url":"http:\/\/www.wolpertingersfc.de\/?page_id=1131","url_meta":{"origin":1135,"position":3},"title":"Klettern &#8211; Aktivit\u00e4ten","author":"Wolpertingersfc","date":"4. Juli 2017","format":false,"excerpt":"Aktivit\u00e4ten\u00a0\u00a0\u00a0 Galerie\u00a0\u00a0\u00a0 Links Kletternde Wolpertinger findet man in G\u00f6nningen an dem ehemaligen Trafoturm, im Garten des G\u00f6nninger Rosmarinkindergartens (Zugang von der Stra\u00dfe \u201eAuf der Ay\u201c). Dienstags ab 17.00 Uhr findet in den Sommermonaten, d.h. von Ostern bis Oktober (au\u00dfer in den Schulferien) das Klettertraining statt. Der Anf\u00e4ngerkurs beginnt um 17.00\u2026","rel":"","context":"\u00c4hnlicher Beitrag","block_context":{"text":"\u00c4hnlicher Beitrag","link":""},"img":{"alt_text":"","src":"https:\/\/i0.wp.com\/www.wolpertingersfc.de\/wp-content\/uploads\/2017\/07\/Kletterturm_Westansicht_mit_Routen-750x1000.jpg?resize=350%2C200","width":350,"height":200,"srcset":"https:\/\/i0.wp.com\/www.wolpertingersfc.de\/wp-content\/uploads\/2017\/07\/Kletterturm_Westansicht_mit_Routen-750x1000.jpg?resize=350%2C200 1x, https:\/\/i0.wp.com\/www.wolpertingersfc.de\/wp-content\/uploads\/2017\/07\/Kletterturm_Westansicht_mit_Routen-750x1000.jpg?resize=525%2C300 1.5x, https:\/\/i0.wp.com\/www.wolpertingersfc.de\/wp-content\/uploads\/2017\/07\/Kletterturm_Westansicht_mit_Routen-750x1000.jpg?resize=700%2C400 2x"},"classes":[]},{"id":1852,"url":"http:\/\/www.wolpertingersfc.de\/?page_id=1852","url_meta":{"origin":1135,"position":4},"title":"Klettern &#8211; Galerie &#8211; Klettern am Fels","author":"Wolpertingersfc","date":"29. Oktober 2017","format":false,"excerpt":"","rel":"","context":"\u00c4hnlicher Beitrag","block_context":{"text":"\u00c4hnlicher Beitrag","link":""},"img":{"alt_text":"","src":"https:\/\/i0.wp.com\/www.wolpertingersfc.de\/wp-content\/uploads\/2017\/10\/Image00029-1000x562.jpg?resize=350%2C200","width":350,"height":200,"srcset":"https:\/\/i0.wp.com\/www.wolpertingersfc.de\/wp-content\/uploads\/2017\/10\/Image00029-1000x562.jpg?resize=350%2C200 1x, https:\/\/i0.wp.com\/www.wolpertingersfc.de\/wp-content\/uploads\/2017\/10\/Image00029-1000x562.jpg?resize=525%2C300 1.5x, https:\/\/i0.wp.com\/www.wolpertingersfc.de\/wp-content\/uploads\/2017\/10\/Image00029-1000x562.jpg?resize=700%2C400 2x"},"classes":[]},{"id":1861,"url":"http:\/\/www.wolpertingersfc.de\/?page_id=1861","url_meta":{"origin":1135,"position":5},"title":"Klettern &#8211; Galerie &#8211; an der Kletterwand","author":"Wolpertingersfc","date":"29. Oktober 2017","format":false,"excerpt":"","rel":"","context":"\u00c4hnlicher Beitrag","block_context":{"text":"\u00c4hnlicher Beitrag","link":""},"img":{"alt_text":"","src":"https:\/\/i0.wp.com\/www.wolpertingersfc.de\/wp-content\/uploads\/2017\/10\/PICT0907.jpg?resize=350%2C200","width":350,"height":200,"srcset":"https:\/\/i0.wp.com\/www.wolpertingersfc.de\/wp-content\/uploads\/2017\/10\/PICT0907.jpg?resize=350%2C200 1x, https:\/\/i0.wp.com\/www.wolpertingersfc.de\/wp-content\/uploads\/2017\/10\/PICT0907.jpg?resize=525%2C300 1.5x"},"classes":[]}],"_links":{"self":[{"href":"http:\/\/www.wolpertingersfc.de\/index.php?rest_route=\/wp\/v2\/pages\/1135","targetHints":{"allow":["GET"]}}],"collection":[{"href":"http:\/\/www.wolpertingersfc.de\/index.php?rest_route=\/wp\/v2\/pages"}],"about":[{"href":"http:\/\/www.wolpertingersfc.de\/index.php?rest_route=\/wp\/v2\/types\/page"}],"author":[{"embeddable":true,"href":"http:\/\/www.wolpertingersfc.de\/index.php?rest_route=\/wp\/v2\/users\/1"}],"replies":[{"embeddable":true,"href":"http:\/\/www.wolpertingersfc.de\/index.php?rest_route=%2Fwp%2Fv2%2Fcomments&post=1135"}],"version-history":[{"count":37,"href":"http:\/\/www.wolpertingersfc.de\/index.php?rest_route=\/wp\/v2\/pages\/1135\/revisions"}],"predecessor-version":[{"id":1845,"href":"http:\/\/www.wolpertingersfc.de\/index.php?rest_route=\/wp\/v2\/pages\/1135\/revisions\/1845"}],"up":[{"embeddable":true,"href":"http:\/\/www.wolpertingersfc.de\/index.php?rest_route=\/wp\/v2\/pages\/101"}],"wp:attachment":[{"href":"http:\/\/www.wolpertingersfc.de\/index.php?rest_route=%2Fwp%2Fv2%2Fmedia&parent=1135"}],"curies":[{"name":"wp","href":"https:\/\/api.w.org\/{rel}","templated":true}]}}