{"id":1131,"date":"2017-07-04T21:50:08","date_gmt":"2017-07-04T19:50:08","guid":{"rendered":"http:\/\/www.wolpertingersfc.de\/?page_id=1131"},"modified":"2017-10-29T19:27:13","modified_gmt":"2017-10-29T18:27:13","slug":"klettern-aktivitaeten","status":"publish","type":"page","link":"http:\/\/www.wolpertingersfc.de\/?page_id=1131","title":{"rendered":"Klettern &#8211; Aktivit\u00e4ten"},"content":{"rendered":"<table width=\"100%\">\n<tbody>\n<tr>\n<td><img data-recalc-dims=\"1\" loading=\"lazy\" decoding=\"async\" data-attachment-id=\"1899\" data-permalink=\"http:\/\/www.wolpertingersfc.de\/?attachment_id=1899\" data-orig-file=\"https:\/\/i0.wp.com\/www.wolpertingersfc.de\/wp-content\/uploads\/2017\/04\/Titelbild_Klettern-e1509301500233.jpg?fit=1276%2C226\" data-orig-size=\"1276,226\" data-comments-opened=\"1\" data-image-meta=\"{&quot;aperture&quot;:&quot;0&quot;,&quot;credit&quot;:&quot;&quot;,&quot;camera&quot;:&quot;&quot;,&quot;caption&quot;:&quot;&quot;,&quot;created_timestamp&quot;:&quot;0&quot;,&quot;copyright&quot;:&quot;&quot;,&quot;focal_length&quot;:&quot;0&quot;,&quot;iso&quot;:&quot;0&quot;,&quot;shutter_speed&quot;:&quot;0&quot;,&quot;title&quot;:&quot;&quot;,&quot;orientation&quot;:&quot;0&quot;}\" data-image-title=\"Titelbild_Klettern\" data-image-description=\"\" data-image-caption=\"\" data-medium-file=\"https:\/\/i0.wp.com\/www.wolpertingersfc.de\/wp-content\/uploads\/2017\/04\/Titelbild_Klettern-e1509301500233.jpg?fit=300%2C53\" data-large-file=\"https:\/\/i0.wp.com\/www.wolpertingersfc.de\/wp-content\/uploads\/2017\/04\/Titelbild_Klettern-e1509301500233.jpg?fit=863%2C153\" class=\"alignnone wp-image-1899\" src=\"https:\/\/i0.wp.com\/www.wolpertingersfc.de\/wp-content\/uploads\/2017\/04\/Titelbild_Klettern-e1509301500233.jpg?resize=863%2C153\" alt=\"\" width=\"863\" height=\"153\" srcset=\"https:\/\/i0.wp.com\/www.wolpertingersfc.de\/wp-content\/uploads\/2017\/04\/Titelbild_Klettern-e1509301500233.jpg?w=1276 1276w, https:\/\/i0.wp.com\/www.wolpertingersfc.de\/wp-content\/uploads\/2017\/04\/Titelbild_Klettern-e1509301500233.jpg?resize=300%2C53 300w, https:\/\/i0.wp.com\/www.wolpertingersfc.de\/wp-content\/uploads\/2017\/04\/Titelbild_Klettern-e1509301500233.jpg?resize=768%2C136 768w, https:\/\/i0.wp.com\/www.wolpertingersfc.de\/wp-content\/uploads\/2017\/04\/Titelbild_Klettern-e1509301500233.jpg?resize=1024%2C181 1024w, https:\/\/i0.wp.com\/www.wolpertingersfc.de\/wp-content\/uploads\/2017\/04\/Titelbild_Klettern-e1509301500233.jpg?resize=863%2C153 863w, https:\/\/i0.wp.com\/www.wolpertingersfc.de\/wp-content\/uploads\/2017\/04\/Titelbild_Klettern-e1509301500233.jpg?resize=480%2C85 480w\" sizes=\"auto, (max-width: 863px) 100vw, 863px\" \/><\/td>\n<\/tr>\n<\/tbody>\n<\/table>\n<p><a href=\"http:\/\/www.wolpertingersfc.de\/?page_id=1131\">Aktivit\u00e4ten<\/a>\u00a0\u00a0\u00a0 <a href=\"http:\/\/www.wolpertingersfc.de\/?page_id=1135\">Galerie<\/a>\u00a0\u00a0\u00a0 <a href=\"http:\/\/www.wolpertingersfc.de\/?page_id=1137\">Links<\/a><\/p>\n<p><img data-recalc-dims=\"1\" loading=\"lazy\" decoding=\"async\" data-attachment-id=\"1048\" data-permalink=\"http:\/\/www.wolpertingersfc.de\/?attachment_id=1048\" data-orig-file=\"https:\/\/i0.wp.com\/www.wolpertingersfc.de\/wp-content\/uploads\/2017\/04\/Kletterdinger.gif?fit=235%2C360\" data-orig-size=\"235,360\" data-comments-opened=\"1\" data-image-meta=\"{&quot;aperture&quot;:&quot;0&quot;,&quot;credit&quot;:&quot;&quot;,&quot;camera&quot;:&quot;&quot;,&quot;caption&quot;:&quot;&quot;,&quot;created_timestamp&quot;:&quot;0&quot;,&quot;copyright&quot;:&quot;&quot;,&quot;focal_length&quot;:&quot;0&quot;,&quot;iso&quot;:&quot;0&quot;,&quot;shutter_speed&quot;:&quot;0&quot;,&quot;title&quot;:&quot;&quot;,&quot;orientation&quot;:&quot;0&quot;}\" data-image-title=\"Kletterdinger\" data-image-description=\"\" data-image-caption=\"\" data-medium-file=\"https:\/\/i0.wp.com\/www.wolpertingersfc.de\/wp-content\/uploads\/2017\/04\/Kletterdinger.gif?fit=196%2C300\" data-large-file=\"https:\/\/i0.wp.com\/www.wolpertingersfc.de\/wp-content\/uploads\/2017\/04\/Kletterdinger.gif?fit=235%2C360\" class=\"alignnone wp-image-1048\" src=\"https:\/\/i0.wp.com\/www.wolpertingersfc.de\/wp-content\/uploads\/2017\/04\/Kletterdinger.gif?resize=100%2C153\" alt=\"\" width=\"100\" height=\"153\" srcset=\"https:\/\/i0.wp.com\/www.wolpertingersfc.de\/wp-content\/uploads\/2017\/04\/Kletterdinger.gif?resize=71%2C108 71w, https:\/\/i0.wp.com\/www.wolpertingersfc.de\/wp-content\/uploads\/2017\/04\/Kletterdinger.gif?resize=196%2C300 196w\" sizes=\"auto, (max-width: 100px) 100vw, 100px\" \/><\/p>\n<table width=\"100%\">\n<tbody>\n<tr>\n<td style=\"padding: 0% 5% 0 0;\" valign=\"top\" width=\"50%\">Kletternde Wolpertinger findet man in G\u00f6nningen an dem ehemaligen Trafoturm, im Garten des G\u00f6nninger Rosmarinkindergartens (Zugang von der Stra\u00dfe \u201eAuf der Ay\u201c). Dienstags ab 17.00 Uhr findet in den Sommermonaten, d.h. von Ostern bis Oktober (au\u00dfer in den Schulferien) das Klettertraining statt. Der Anf\u00e4ngerkurs beginnt um 17.00 Uhr, um in aller Ruhe die Grundfertigkeiten des Kletterns und vor allem des Sicherns zu erlernen.<br \/>\nAb 18.30 Uhr beginnen dann die \u201eAlten Hasen\u201c.<br \/>\nDie Gruppenst\u00e4rke des Anf\u00e4ngerkurses ist auf 6 Kinder \/ Jugendliche begrenzt.<br \/>\nDie Kletterausr\u00fcstung wird vom Verein gestellt.Gelegentlich sind die Wolpertinger auch am Fels anzutreffen. Wiesfels, Rossfels \u00fcber Glems und der Wackerstein bei Pfullingen sind in kurzer Zeit zu erreichen. Ins Donautal f\u00fchren uns 2-t\u00e4gige Ausfahrten.<\/td>\n<td valign=\"top\"><a href=\"https:\/\/i0.wp.com\/www.wolpertingersfc.de\/wp-content\/uploads\/2017\/07\/Kletterturm_Westansicht_mit_Routen-750x1000.jpg\" target=\"_blank\" rel=\"noopener\"><img data-recalc-dims=\"1\" loading=\"lazy\" decoding=\"async\" data-attachment-id=\"1816\" data-permalink=\"http:\/\/www.wolpertingersfc.de\/?attachment_id=1816\" data-orig-file=\"https:\/\/i0.wp.com\/www.wolpertingersfc.de\/wp-content\/uploads\/2017\/07\/Kletterturm_Westansicht_mit_Routen-750x1000.jpg?fit=750%2C1000\" data-orig-size=\"750,1000\" data-comments-opened=\"1\" data-image-meta=\"{&quot;aperture&quot;:&quot;0&quot;,&quot;credit&quot;:&quot;&quot;,&quot;camera&quot;:&quot;&quot;,&quot;caption&quot;:&quot;&quot;,&quot;created_timestamp&quot;:&quot;1509109601&quot;,&quot;copyright&quot;:&quot;&quot;,&quot;focal_length&quot;:&quot;0&quot;,&quot;iso&quot;:&quot;0&quot;,&quot;shutter_speed&quot;:&quot;0&quot;,&quot;title&quot;:&quot;&quot;,&quot;orientation&quot;:&quot;1&quot;}\" data-image-title=\"Kletterturm_Westansicht_mit_Routen (750&amp;#215;1000)\" data-image-description=\"\" data-image-caption=\"\" data-medium-file=\"https:\/\/i0.wp.com\/www.wolpertingersfc.de\/wp-content\/uploads\/2017\/07\/Kletterturm_Westansicht_mit_Routen-750x1000.jpg?fit=225%2C300\" data-large-file=\"https:\/\/i0.wp.com\/www.wolpertingersfc.de\/wp-content\/uploads\/2017\/07\/Kletterturm_Westansicht_mit_Routen-750x1000.jpg?fit=750%2C1000\" class=\"alignnone wp-image-1816 size-full\" src=\"https:\/\/i0.wp.com\/www.wolpertingersfc.de\/wp-content\/uploads\/2017\/07\/Kletterturm_Westansicht_mit_Routen-750x1000.jpg?resize=750%2C1000\" alt=\"\" width=\"750\" height=\"1000\" srcset=\"https:\/\/i0.wp.com\/www.wolpertingersfc.de\/wp-content\/uploads\/2017\/07\/Kletterturm_Westansicht_mit_Routen-750x1000.jpg?resize=750%2C1000 750w, https:\/\/i0.wp.com\/www.wolpertingersfc.de\/wp-content\/uploads\/2017\/07\/Kletterturm_Westansicht_mit_Routen-750x1000.jpg?resize=225%2C300 225w, https:\/\/i0.wp.com\/www.wolpertingersfc.de\/wp-content\/uploads\/2017\/07\/Kletterturm_Westansicht_mit_Routen-750x1000.jpg?resize=81%2C108 81w\" sizes=\"auto, (max-width: 750px) 100vw, 750px\" \/><\/a><\/td>\n<\/tr>\n<\/tbody>\n<\/table>\n<table>\n<tbody>\n<tr>\n<td>Privat organisiert sind Wolpertinger aber auch schon auf Hochtouren und Gletschern gesehen worden: Ortler, Olperer, Wildspitze, Piz Buin, &#8230;<\/p>\n<p>Unsere Kletterwand bietet zahlreiche und abwechslungsreiche Klettereien im Schwierigkeitsgrad von 3 bis derzeit 7.<br \/>\nBei Bedarf schrauben wir aber auch etwas Schwereres an die Wand.<br \/>\nErbaut wurde sie 2007, saniert und erweitert 2017.<\/td>\n<\/tr>\n<\/tbody>\n<\/table>\n","protected":false},"excerpt":{"rendered":"<p>Aktivit\u00e4ten\u00a0\u00a0\u00a0 Galerie\u00a0\u00a0\u00a0 Links Kletternde Wolpertinger findet man in G\u00f6nningen an dem ehemaligen Trafoturm, im Garten des G\u00f6nninger Rosmarinkindergartens (Zugang von der Stra\u00dfe \u201eAuf der Ay\u201c). Dienstags ab 17.00 Uhr findet in den Sommermonaten, d.h. von Ostern bis Oktober (au\u00dfer in den Schulferien) das Klettertraining statt. Der Anf\u00e4ngerkurs beginnt um 17.00 Uhr, um in aller Ruhe &hellip; <a href=\"http:\/\/www.wolpertingersfc.de\/?page_id=1131\" class=\"more-link\"><span class=\"screen-reader-text\">Klettern &#8211; Aktivit\u00e4ten<\/span> weiterlesen<\/a><\/p>\n","protected":false},"author":1,"featured_media":0,"parent":101,"menu_order":0,"comment_status":"closed","ping_status":"closed","template":"","meta":{"jetpack_post_was_ever_published":false,"_mc_calendar":[],"footnotes":""},"class_list":["post-1131","page","type-page","status-publish","hentry"],"jetpack_sharing_enabled":true,"jetpack_shortlink":"https:\/\/wp.me\/P8FTYK-if","jetpack-related-posts":[{"id":1100,"url":"http:\/\/www.wolpertingersfc.de\/?page_id=1100","url_meta":{"origin":1131,"position":0},"title":"Zirkus &#8211; Aktivit\u00e4ten","author":"Wolpertingersfc","date":"3. Juli 2017","format":false,"excerpt":"Aktivit\u00e4ten\u00a0\u00a0\u00a0 Team\u00a0\u00a0\u00a0 Galerie\u00a0\u00a0\u00a0 Links \u00a0 Das Zirkus-Training findet freitags von 16.00 bis 17.30 Uhr in der Turnhalle der G\u00f6nninger Ro\u00dfbergschule statt.","rel":"","context":"\u00c4hnlicher Beitrag","block_context":{"text":"\u00c4hnlicher Beitrag","link":""},"img":{"alt_text":"","src":"https:\/\/i0.wp.com\/www.wolpertingersfc.de\/wp-content\/uploads\/2017\/04\/Zirkus15-e1499106642859-480x83.jpg?resize=350%2C200","width":350,"height":200,"srcset":"https:\/\/i0.wp.com\/www.wolpertingersfc.de\/wp-content\/uploads\/2017\/04\/Zirkus15-e1499106642859-480x83.jpg?resize=350%2C200 1x, https:\/\/i0.wp.com\/www.wolpertingersfc.de\/wp-content\/uploads\/2017\/04\/Zirkus15-e1499106642859-480x83.jpg?resize=525%2C300 1.5x, https:\/\/i0.wp.com\/www.wolpertingersfc.de\/wp-content\/uploads\/2017\/04\/Zirkus15-e1499106642859-480x83.jpg?resize=700%2C400 2x, https:\/\/i0.wp.com\/www.wolpertingersfc.de\/wp-content\/uploads\/2017\/04\/Zirkus15-e1499106642859-480x83.jpg?resize=1050%2C600 3x"},"classes":[]},{"id":167,"url":"http:\/\/www.wolpertingersfc.de\/?page_id=167","url_meta":{"origin":1131,"position":1},"title":"Tauchen &#8211; Aktivit\u00e4ten","author":"Wolpertingersfc","date":"24. April 2017","format":false,"excerpt":"Aktivit\u00e4ten\u00a0\u00a0\u00a0\u00a0 Team\u00a0\u00a0\u00a0\u00a0 Galerie\u00a0\u00a0\u00a0\u00a0 Links Training W\u00e4hrend der Freibadsaison findet das w\u00f6chentliche Training samstags von 8.50 Uhr bis 10.30 Uhr im Freibad Markwasen statt. Das Sprungbecken hat ein Tiefe von knapp 5m und eine L\u00e4nge von 25m, ist also ideal zum Ger\u00e4tetauchen oder f\u00fcr Apnoe-\u00dcbungen geeignet. Von Mitte September bis Ende\u2026","rel":"","context":"\u00c4hnlicher Beitrag","block_context":{"text":"\u00c4hnlicher Beitrag","link":""},"img":{"alt_text":"","src":"https:\/\/i0.wp.com\/www.wolpertingersfc.de\/wp-content\/uploads\/2017\/08\/Aktivit%C3%A4t-20170719_080125-e1501785106321.jpg?resize=350%2C200","width":350,"height":200},"classes":[]},{"id":812,"url":"http:\/\/www.wolpertingersfc.de\/?page_id=812","url_meta":{"origin":1131,"position":2},"title":"Kajak &#8211; Aktivit\u00e4ten","author":"Wolpertingersfc","date":"5. Juni 2017","format":false,"excerpt":"Aktivit\u00e4ten\u00a0\u00a0\u00a0 Galerie\u00a0\u00a0\u00a0\u00a0 Links Einmal j\u00e4hrlich findet eine Ausfahrt an den Bodensee statt. Flusswandern oder das Befahren des Sees finden dabei immer gro\u00dfen Anklang. Spontane Ausfahrten auf ruhigen Fl\u00fcssen oder im Wildwasser sind mit vereinseigenen Booten m\u00f6glich.","rel":"","context":"\u00c4hnlicher Beitrag","block_context":{"text":"\u00c4hnlicher Beitrag","link":""},"img":{"alt_text":"","src":"https:\/\/i0.wp.com\/www.wolpertingersfc.de\/wp-content\/uploads\/2017\/07\/Thur43-e1499346183642-480x85.jpg?resize=350%2C200","width":350,"height":200,"srcset":"https:\/\/i0.wp.com\/www.wolpertingersfc.de\/wp-content\/uploads\/2017\/07\/Thur43-e1499346183642-480x85.jpg?resize=350%2C200 1x, https:\/\/i0.wp.com\/www.wolpertingersfc.de\/wp-content\/uploads\/2017\/07\/Thur43-e1499346183642-480x85.jpg?resize=525%2C300 1.5x, https:\/\/i0.wp.com\/www.wolpertingersfc.de\/wp-content\/uploads\/2017\/07\/Thur43-e1499346183642-480x85.jpg?resize=700%2C400 2x, https:\/\/i0.wp.com\/www.wolpertingersfc.de\/wp-content\/uploads\/2017\/07\/Thur43-e1499346183642-480x85.jpg?resize=1050%2C600 3x"},"classes":[]},{"id":489,"url":"http:\/\/www.wolpertingersfc.de\/?page_id=489","url_meta":{"origin":1131,"position":3},"title":"Mitglied werden","author":"Wolpertingersfc","date":"20. Mai 2017","format":false,"excerpt":"Aktivit\u00e4ten \u00a0\u00a0 Vorstand und Team\u00a0\u00a0\u00a0 Mitglied werden\u00a0\u00a0\u00a0 Vereinsinventar So werdet Ihr Mitglied beim Wolpertinger Sport- und Freizeitclub e.V.: Wolpertinger_Aufnahmeformular ausf\u00fcllen und senden an: Karin Haap Mitgliederverwaltung Tel. 0 74 73 \/ 63 33 E-Mail: karin.haap(at)wolpertingersfc.de In der Wolpertinger Vereinsordnung findet Ihr die Mitgliedsbeitr\u00e4ge. in der Vereinssatzung stehen die Grundlagen f\u00fcr\u2026","rel":"","context":"\u00c4hnlicher Beitrag","block_context":{"text":"\u00c4hnlicher Beitrag","link":""},"img":{"alt_text":"","src":"","width":0,"height":0},"classes":[]},{"id":1321,"url":"http:\/\/www.wolpertingersfc.de\/?page_id=1321","url_meta":{"origin":1131,"position":4},"title":"Allgemeinsport &#8211; Aktivit\u00e4ten","author":"Wolpertingersfc","date":"9. Juli 2017","format":false,"excerpt":"\u00a0 Aktivit\u00e4ten \u00a0\u00a0 Team \u00a0\u00a0 Galerie\u00a0\u00a0\u00a0 Links Wir treffen uns Dienstag abends um 20.30 Uhr (ausser in den Ferien)\u00a0 in der Turnhalle der Ro\u00dfbergschule in G\u00f6nningen, um uns gemeinsam zu bewegen. Nach einer Aufw\u00e4rmphase bewegen und dehnen wir unsere vielf\u00e4ltigen Muskelgruppen, um unsere Beweglichkeit zu erhalten und vielleicht noch ein\u2026","rel":"","context":"\u00c4hnlicher Beitrag","block_context":{"text":"\u00c4hnlicher Beitrag","link":""},"img":{"alt_text":"","src":"https:\/\/i0.wp.com\/www.wolpertingersfc.de\/wp-content\/uploads\/2017\/04\/DSC00579-1188x261.jpg?resize=350%2C200","width":350,"height":200,"srcset":"https:\/\/i0.wp.com\/www.wolpertingersfc.de\/wp-content\/uploads\/2017\/04\/DSC00579-1188x261.jpg?resize=350%2C200 1x, https:\/\/i0.wp.com\/www.wolpertingersfc.de\/wp-content\/uploads\/2017\/04\/DSC00579-1188x261.jpg?resize=525%2C300 1.5x, https:\/\/i0.wp.com\/www.wolpertingersfc.de\/wp-content\/uploads\/2017\/04\/DSC00579-1188x261.jpg?resize=700%2C400 2x, https:\/\/i0.wp.com\/www.wolpertingersfc.de\/wp-content\/uploads\/2017\/04\/DSC00579-1188x261.jpg?resize=1050%2C600 3x"},"classes":[]},{"id":814,"url":"http:\/\/www.wolpertingersfc.de\/?page_id=814","url_meta":{"origin":1131,"position":5},"title":"Kajak &#8211; Links","author":"Wolpertingersfc","date":"5. Juni 2017","format":false,"excerpt":"Aktivit\u00e4ten\u00a0\u00a0\u00a0 Galerie\u00a0\u00a0\u00a0\u00a0 Links Wasserpegel: Deutschland Baden-W\u00fcrttemberg Bayern Vorarlberg (\u00d6sterreich) Schweiz DKV-Kanu Forum Canadierseite. Kanutriathlon Paddel-Club-\u00dcberlingen e.V. Kanuverband Deutschland Kanuverband W\u00fcrttemberg Landesruderverband Baden-W\u00fcrttemberg Kanubiken kanuauktion.com ist eine kanuspezifische Internetauktion. Plattform f\u00fcr den Kauf und Verkauf von Kanuartikeln. go-boating.de - Initiative der Wassersport-Industrie","rel":"","context":"\u00c4hnlicher Beitrag","block_context":{"text":"\u00c4hnlicher Beitrag","link":""},"img":{"alt_text":"","src":"https:\/\/i0.wp.com\/www.wolpertingersfc.de\/wp-content\/uploads\/2017\/07\/Thur43-e1499346183642-480x85.jpg?resize=350%2C200","width":350,"height":200,"srcset":"https:\/\/i0.wp.com\/www.wolpertingersfc.de\/wp-content\/uploads\/2017\/07\/Thur43-e1499346183642-480x85.jpg?resize=350%2C200 1x, https:\/\/i0.wp.com\/www.wolpertingersfc.de\/wp-content\/uploads\/2017\/07\/Thur43-e1499346183642-480x85.jpg?resize=525%2C300 1.5x, https:\/\/i0.wp.com\/www.wolpertingersfc.de\/wp-content\/uploads\/2017\/07\/Thur43-e1499346183642-480x85.jpg?resize=700%2C400 2x, https:\/\/i0.wp.com\/www.wolpertingersfc.de\/wp-content\/uploads\/2017\/07\/Thur43-e1499346183642-480x85.jpg?resize=1050%2C600 3x"},"classes":[]}],"_links":{"self":[{"href":"http:\/\/www.wolpertingersfc.de\/index.php?rest_route=\/wp\/v2\/pages\/1131","targetHints":{"allow":["GET"]}}],"collection":[{"href":"http:\/\/www.wolpertingersfc.de\/index.php?rest_route=\/wp\/v2\/pages"}],"about":[{"href":"http:\/\/www.wolpertingersfc.de\/index.php?rest_route=\/wp\/v2\/types\/page"}],"author":[{"embeddable":true,"href":"http:\/\/www.wolpertingersfc.de\/index.php?rest_route=\/wp\/v2\/users\/1"}],"replies":[{"embeddable":true,"href":"http:\/\/www.wolpertingersfc.de\/index.php?rest_route=%2Fwp%2Fv2%2Fcomments&post=1131"}],"version-history":[{"count":30,"href":"http:\/\/www.wolpertingersfc.de\/index.php?rest_route=\/wp\/v2\/pages\/1131\/revisions"}],"predecessor-version":[{"id":1902,"href":"http:\/\/www.wolpertingersfc.de\/index.php?rest_route=\/wp\/v2\/pages\/1131\/revisions\/1902"}],"up":[{"embeddable":true,"href":"http:\/\/www.wolpertingersfc.de\/index.php?rest_route=\/wp\/v2\/pages\/101"}],"wp:attachment":[{"href":"http:\/\/www.wolpertingersfc.de\/index.php?rest_route=%2Fwp%2Fv2%2Fmedia&parent=1131"}],"curies":[{"name":"wp","href":"https:\/\/api.w.org\/{rel}","templated":true}]}}